{"id":42,"date":"2026-05-22T11:17:01","date_gmt":"2026-05-22T11:17:01","guid":{"rendered":"https:\/\/przedszkolebajkowakraina.pl\/?page_id=42"},"modified":"2026-06-17T09:54:20","modified_gmt":"2026-06-17T07:54:20","slug":"projekty-ue","status":"publish","type":"page","link":"https:\/\/przedszkolebajkowakraina.pl\/?page_id=42","title":{"rendered":"Projekty UE"},"content":{"rendered":"\t\t<div data-elementor-type=\"wp-page\" data-elementor-id=\"42\" class=\"elementor elementor-42\" data-elementor-post-type=\"page\">\n\t\t\t\t<div class=\"elementor-element elementor-element-81cd4a7 e-flex e-con-boxed e-con e-parent\" data-id=\"81cd4a7\" data-element_type=\"container\" data-e-type=\"container\">\n\t\t\t\t\t<div class=\"e-con-inner\">\n\t\t\t\t<div class=\"elementor-element elementor-element-2a8d9f0 elementor-widget elementor-widget-image\" data-id=\"2a8d9f0\" data-element_type=\"widget\" data-e-type=\"widget\" data-widget_type=\"image.default\">\n\t\t\t\t\t\t\t\t\t\t\t\t\t\t\t<img fetchpriority=\"high\" decoding=\"async\" width=\"2048\" height=\"176\" src=\"https:\/\/przedszkolebajkowakraina.pl\/wp-content\/uploads\/2026\/06\/Logo-unijne.jpeg\" class=\"attachment-full size-full wp-image-598\" alt=\"\" srcset=\"https:\/\/przedszkolebajkowakraina.pl\/wp-content\/uploads\/2026\/06\/Logo-unijne.jpeg 2048w, https:\/\/przedszkolebajkowakraina.pl\/wp-content\/uploads\/2026\/06\/Logo-unijne-300x26.jpeg 300w, https:\/\/przedszkolebajkowakraina.pl\/wp-content\/uploads\/2026\/06\/Logo-unijne-1024x88.jpeg 1024w, https:\/\/przedszkolebajkowakraina.pl\/wp-content\/uploads\/2026\/06\/Logo-unijne-768x66.jpeg 768w, https:\/\/przedszkolebajkowakraina.pl\/wp-content\/uploads\/2026\/06\/Logo-unijne-1536x132.jpeg 1536w\" sizes=\"(max-width: 2048px) 100vw, 2048px\" \/>\t\t\t\t\t\t\t\t\t\t\t\t\t\t\t<\/div>\n\t\t\t\t\t<\/div>\n\t\t\t\t<\/div>\n\t\t<div class=\"elementor-element elementor-element-db00a51 e-flex e-con-boxed e-con e-parent\" data-id=\"db00a51\" data-element_type=\"container\" data-e-type=\"container\">\n\t\t\t\t\t<div class=\"e-con-inner\">\n\t\t<div class=\"elementor-element elementor-element-6b3c208 e-con-full e-flex e-con e-child\" data-id=\"6b3c208\" data-element_type=\"container\" data-e-type=\"container\">\n\t\t\t\t<div class=\"elementor-element elementor-element-b926098 elementor-widget elementor-widget-heading\" data-id=\"b926098\" data-element_type=\"widget\" data-e-type=\"widget\" data-widget_type=\"heading.default\">\n\t\t\t\t\t<h1 class=\"elementor-heading-title elementor-size-default\">Projekty UE<\/h1>\t\t\t\t<\/div>\n\t\t\t\t<div class=\"elementor-element elementor-element-4f6ab87 elementor-widget elementor-widget-heading\" data-id=\"4f6ab87\" data-element_type=\"widget\" data-e-type=\"widget\" data-widget_type=\"heading.default\">\n\t\t\t\t\t<h2 class=\"elementor-heading-title elementor-size-default\"><a href=\"https:\/\/funduszeeuropejskie.gov.pl\/?utm_source=SEARCH&#038;utm_medium=CPC&#038;utm_campaign=OTWORZSIE&#038;gad_source=1\">#FunduszeEuropejskie<br>\n#FunduszeUE<\/a><\/h2>\t\t\t\t<\/div>\n\t\t\t\t<div class=\"elementor-element elementor-element-3fbdf90 elementor-widget elementor-widget-text-editor\" data-id=\"3fbdf90\" data-element_type=\"widget\" data-e-type=\"widget\" data-widget_type=\"text-editor.default\">\n\t\t\t\t\t\t\t\t\t<p>Firma Z.U.H.P. Niepubliczne Przedszkole &#8222;Bajkowa Kraina&#8221; uzyska\u0142a dotacj\u0119 z Unii Europejskiej na projekt \u201eRozw\u00f3j oferty edukacyjnej i dzia\u0142ania na rzecz rozwoju kompetencji kadry w przedszkolu &#8222;Bajkowa Kraina&#8221;.<\/p><p>Celem realizacji projektu jest podniesienie jako\u015bci edukacji przedszkolnej poprzez poszerzenie oferty zaj\u0119\u0107 dodatkowych oraz podniesienie kompetencji kadry.<\/p><p>W ramach realizacji projektu zrealizowane zostan\u0105 zaj\u0119cia wyr\u00f3wnuj\u0105ce deficyty i odpowiadaj\u0105ce na specjalne potrzeby edukacyjne i rozwojowe dzieci jak r\u00f3wnie\u017c zaj\u0119cia prowadz\u0105ce do wszechstronnego rozwoju dzieci, s\u0142u\u017c\u0105cego rozwojowi szerokiego zestawu umiej\u0119tno\u015bci i kompetencji. Osi\u0105gni\u0119te zostan\u0105 za\u0142o\u017cenia projektowe w zakresie poszerzania oferty zaj\u0119\u0107, zakup materia\u0142\u00f3w i pomocy edukacyjnych oraz podniesienie kompetencji kadry.<\/p><p>Efektem realizacji projektu b\u0119dzie podniesienie jako\u015bci edukacji przedszkolnej poprzez zapewnienie dzieciom dost\u0119pu do r\u00f3\u017cnorodnych i atrakcyjnych zaj\u0119\u0107 dodatkowych, wspieraj\u0105cych ich wszechstronny rozw\u00f3j intelektualny, spo\u0142eczny i emocjonalny. Realizacja projektu umo\u017cliwi r\u00f3wnie\u017c wyr\u00f3wnanie zdiagnozowanych deficyt\u00f3w rozwojowych dzieci dzi\u0119ki prowadzeniu zaj\u0119\u0107 specjalistycznych. Ponadto projekt przyczyni si\u0119 do podniesienia standardu edukacyjnego przedszkola poprzez rozw\u00f3j kompetencji kadry nauczycielskiej, co prze\u0142o\u017cy si\u0119 na wy\u017csz\u0105 jako\u015b\u0107 pracy oraz wi\u0119ksze zaanga\u017cowanie nauczycieli w proces edukacyjny.<\/p><p>Z zakupionych materia\u0142\u00f3w korzysta\u0107 b\u0119d\u0105 dzieci oraz nauczyciele prowadz\u0105cy zaj\u0119cia. Nowoczesne materia\u0142y edukacyjne wzbogac\u0105 proces nauczania, umo\u017cliwi\u0105 realizacj\u0119 nowych, anga\u017cuj\u0105cych aktywno\u015bci oraz przyczyni\u0105 si\u0119 do podniesienia jako\u015bci i atrakcyjno\u015bci oferowanych us\u0142ug edukacyjnych.<\/p><p><br \/>www.funduszeeuropejskie.gov.pl<\/p><p>Warto\u015b\u0107 projektu: <strong>361 101,62 PLN<\/strong> w tym:<br \/>Wysoko\u015b\u0107 wk\u0142adu z Funduszy Europejskich: <strong>306 936,37 PLN<\/strong><\/p>\t\t\t\t\t\t\t\t<\/div>\n\t\t\t\t<div class=\"elementor-element elementor-element-1e6f23c elementor-widget elementor-widget-image\" data-id=\"1e6f23c\" data-element_type=\"widget\" data-e-type=\"widget\" data-widget_type=\"image.default\">\n\t\t\t\t\t\t\t\t\t\t\t\t\t\t\t<img decoding=\"async\" width=\"800\" height=\"567\" src=\"https:\/\/przedszkolebajkowakraina.pl\/wp-content\/uploads\/2026\/06\/Dofinansowanie-Fundusze-Europejskie-1024x726.jpeg\" class=\"attachment-large size-large wp-image-594\" alt=\"\" srcset=\"https:\/\/przedszkolebajkowakraina.pl\/wp-content\/uploads\/2026\/06\/Dofinansowanie-Fundusze-Europejskie-1024x726.jpeg 1024w, https:\/\/przedszkolebajkowakraina.pl\/wp-content\/uploads\/2026\/06\/Dofinansowanie-Fundusze-Europejskie-300x213.jpeg 300w, https:\/\/przedszkolebajkowakraina.pl\/wp-content\/uploads\/2026\/06\/Dofinansowanie-Fundusze-Europejskie-768x544.jpeg 768w, https:\/\/przedszkolebajkowakraina.pl\/wp-content\/uploads\/2026\/06\/Dofinansowanie-Fundusze-Europejskie.jpeg 1264w\" sizes=\"(max-width: 800px) 100vw, 800px\" \/>\t\t\t\t\t\t\t\t\t\t\t\t\t\t\t<\/div>\n\t\t\t\t<\/div>\n\t\t<div class=\"elementor-element elementor-element-0f9e81d e-con-full e-flex e-con e-child\" data-id=\"0f9e81d\" data-element_type=\"container\" data-e-type=\"container\">\n\t\t\t\t<\/div>\n\t\t\t\t\t<\/div>\n\t\t\t\t<\/div>\n\t\t\t\t<section class=\"elementor-section elementor-top-section elementor-element elementor-element-b78520a elementor-section-content-middle elementor-reverse-tablet elementor-reverse-mobile elementor-section-boxed elementor-section-height-default elementor-section-height-default\" data-id=\"b78520a\" data-element_type=\"section\" data-e-type=\"section\">\n\t\t\t\t\t\t<div class=\"elementor-container elementor-column-gap-wider\">\n\t\t\t\t\t<div class=\"elementor-column elementor-col-50 elementor-top-column elementor-element elementor-element-d787045\" data-id=\"d787045\" data-element_type=\"column\" data-e-type=\"column\">\n\t\t\t<div class=\"elementor-widget-wrap elementor-element-populated\">\n\t\t\t\t\t\t<div class=\"elementor-element elementor-element-9e30087 elementor-invisible elementor-widget elementor-widget-heading\" data-id=\"9e30087\" data-element_type=\"widget\" data-e-type=\"widget\" data-settings=\"{&quot;_animation&quot;:&quot;fadeInLeft&quot;}\" data-widget_type=\"heading.default\">\n\t\t\t\t\t<h2 class=\"elementor-heading-title elementor-size-default\">Rekrutacja do projektu<\/h2>\t\t\t\t<\/div>\n\t\t\t\t<div class=\"elementor-element elementor-element-2cd5ca2 elementor-invisible elementor-widget elementor-widget-heading\" data-id=\"2cd5ca2\" data-element_type=\"widget\" data-e-type=\"widget\" data-settings=\"{&quot;_animation&quot;:&quot;fadeInLeft&quot;}\" data-widget_type=\"heading.default\">\n\t\t\t\t\t<h3 class=\"elementor-heading-title elementor-size-default\"><a href=\"https:\/\/funduszeeuropejskie.gov.pl\/?utm_source=SEARCH&#038;utm_medium=CPC&#038;utm_campaign=OTWORZSIE&#038;gad_source=1\">#FunduszeEuropejskie<br>\n#FunduszeUE<\/a><\/h3>\t\t\t\t<\/div>\n\t\t\t\t<div class=\"elementor-element elementor-element-6c98c00 elementor-invisible elementor-widget elementor-widget-text-editor\" data-id=\"6c98c00\" data-element_type=\"widget\" data-e-type=\"widget\" data-settings=\"{&quot;_animation&quot;:&quot;fadeInLeft&quot;}\" data-widget_type=\"text-editor.default\">\n\t\t\t\t\t\t\t\t\t<p>Z.U.H.P. Niepubliczne Przedszkole \u201eBajkowa Kraina\u201d Eugeniusz Paw\u0142owski \u2013 Beneficjent projektu pn. Rozw\u00f3j oferty edukacyjnej i dzia\u0142ania na rzecz rozwoju kompetencji kadry w przedszkolu \u201eBajkowa Kraina w ramach programu Fundusze Europejskie dla Ma\u0142opolski 2021-2027,<\/p><p>Nr projektu FEMP.06.09-IP.01-1326\/24<\/p><p>informuje, \u017ce od 02.05.2025 r. do 09.05.2025 r. uruchamia rekrutacj\u0119 do w\/w projektu.<\/p><p>Projekt realizowany jest w ramach Priorytetu 6. Fundusze europejskie dla rynku pracy, edukacji i w\u0142\u0105czenia spo\u0142ecznego, Dzia\u0142ania 6.09 Wsparcie wychowania przedszkolnego, typ projektu: <br \/>A. Podnoszenie jako\u015bci edukacji przedszkolnej z Europejskiego Funduszu Spo\u0142ecznego Plus programu Fundusze Europejskie dla Ma\u0142opolski 2021-2027.<\/p><p>Wszystkich zainteresowanych udzia\u0142em w projekcie zapraszamy do zapoznania si\u0119 z dokumentem Regulamin rekrutacji i uczestnictwa w projekcie, kt\u00f3ry jest umieszczony na stronie oraz tablicy og\u0142osze\u0144.<\/p><p>Osoby spe\u0142niaj\u0105ce warunki udzia\u0142u w projekcie prosimy o z\u0142o\u017cenie dokumentu Formularz rekrutacyjny wraz z za\u0142\u0105cznikami w siedzibie Niepublicznego Przedszkola \u201eBajkowa Kraina\u201d w \u0141ososinie Dolnej, 33-314 \u0141ososina Dolna 314.<\/p><p>Dokumenty rekrutacyjne dost\u0119pne s\u0105 do pobrania na stronie internetowej przedszkola oraz w siedzibie plac\u00f3wki:<\/p><p><b>Niepubliczne Przedszkole \u201eBajkowa Kraina\u201d<br \/>\u0141ososina Dolna 314<br \/>33-314 \u0141ososina Dolna<\/b><\/p>\t\t\t\t\t\t\t\t<\/div>\n\t\t<div class=\"elementor-element elementor-element-3d2729c e-grid e-con-boxed e-con e-parent\" data-id=\"3d2729c\" data-element_type=\"container\" data-e-type=\"container\">\n\t\t\t\t\t<div class=\"e-con-inner\">\n\t\t<div class=\"elementor-element elementor-element-0266369 e-con-full e-flex e-con e-child\" data-id=\"0266369\" data-element_type=\"container\" data-e-type=\"container\">\n\t\t\t\t<div class=\"elementor-element elementor-element-beb1e4c elementor-align-center elementor-mobile-align-justify elementor-invisible elementor-widget elementor-widget-button\" data-id=\"beb1e4c\" data-element_type=\"widget\" data-e-type=\"widget\" data-settings=\"{&quot;_animation&quot;:&quot;fadeInLeft&quot;}\" data-widget_type=\"button.default\">\n\t\t\t\t\t\t\t\t\t\t<a class=\"elementor-button elementor-button-link elementor-size-sm elementor-animation-grow-rotate\" href=\"https:\/\/przedszkolebajkowakraina.pl\/?page_id=23\">\n\t\t\t\t\t\t<span class=\"elementor-button-content-wrapper\">\n\t\t\t\t\t\t\t\t\t<span class=\"elementor-button-text\">Rekrutacja<\/span>\n\t\t\t\t\t<\/span>\n\t\t\t\t\t<\/a>\n\t\t\t\t\t\t\t\t<\/div>\n\t\t\t\t<\/div>\n\t\t\t\t<div class=\"elementor-element elementor-element-7dee45f elementor-shape-circle e-grid-align-mobile-center elementor-grid-0 e-grid-align-center elementor-invisible elementor-widget elementor-widget-social-icons\" data-id=\"7dee45f\" data-element_type=\"widget\" data-e-type=\"widget\" data-settings=\"{&quot;_animation&quot;:&quot;pulse&quot;}\" data-widget_type=\"social-icons.default\">\n\t\t\t\t\t\t\t<div class=\"elementor-social-icons-wrapper elementor-grid\">\n\t\t\t\t\t\t\t<span class=\"elementor-grid-item\">\n\t\t\t\t\t<a class=\"elementor-icon elementor-social-icon elementor-social-icon-facebook-f elementor-animation-grow elementor-repeater-item-59fb8b0\" href=\"https:\/\/www.facebook.com\/p\/Przedszkole-Bajkowa-Kraina-100063595389079\/?locale=pl_PL\" target=\"_blank\">\n\t\t\t\t\t\t<span class=\"elementor-screen-only\">Facebook-f<\/span>\n\t\t\t\t\t\t<svg aria-hidden=\"true\" class=\"e-font-icon-svg e-fab-facebook-f\" viewBox=\"0 0 320 512\" xmlns=\"http:\/\/www.w3.org\/2000\/svg\"><path d=\"M279.14 288l14.22-92.66h-88.91v-60.13c0-25.35 12.42-50.06 52.24-50.06h40.42V6.26S260.43 0 225.36 0c-73.22 0-121.08 44.38-121.08 124.72v70.62H22.89V288h81.39v224h100.17V288z\"><\/path><\/svg>\t\t\t\t\t<\/a>\n\t\t\t\t<\/span>\n\t\t\t\t\t<\/div>\n\t\t\t\t\t\t<\/div>\n\t\t\t\t\t<\/div>\n\t\t\t\t<\/div>\n\t\t\t\t<div class=\"elementor-element elementor-element-24a03cf elementor-widget elementor-widget-heading\" data-id=\"24a03cf\" data-element_type=\"widget\" data-e-type=\"widget\" data-widget_type=\"heading.default\">\n\t\t\t\t\t<h4 class=\"elementor-heading-title elementor-size-default\">Dokumenty rekrutacyjne do pobrania:<\/h4>\t\t\t\t<\/div>\n\t\t\t\t<div class=\"elementor-element elementor-element-3c123e7 elementor-icon-list--layout-traditional elementor-list-item-link-full_width elementor-widget elementor-widget-icon-list\" data-id=\"3c123e7\" data-element_type=\"widget\" data-e-type=\"widget\" data-widget_type=\"icon-list.default\">\n\t\t\t\t\t\t\t<ul class=\"elementor-icon-list-items\">\n\t\t\t\t\t\t\t<li class=\"elementor-icon-list-item\">\n\t\t\t\t\t\t\t\t\t\t\t<a href=\"https:\/\/przedszkolebajkowakraina.pl\/wp-content\/uploads\/2026\/06\/1.-Regulamin-rekrutacji-i-uczestnictwa-w-projekcie.pdf\">\n\n\t\t\t\t\t\t\t\t\t\t\t\t<span class=\"elementor-icon-list-icon\">\n\t\t\t\t\t\t\t<svg aria-hidden=\"true\" class=\"e-font-icon-svg e-fas-arrow-alt-circle-right\" viewBox=\"0 0 512 512\" xmlns=\"http:\/\/www.w3.org\/2000\/svg\"><path d=\"M256 8c137 0 248 111 248 248S393 504 256 504 8 393 8 256 119 8 256 8zM140 300h116v70.9c0 10.7 13 16.1 20.5 8.5l114.3-114.9c4.7-4.7 4.7-12.2 0-16.9l-114.3-115c-7.6-7.6-20.5-2.2-20.5 8.5V212H140c-6.6 0-12 5.4-12 12v64c0 6.6 5.4 12 12 12z\"><\/path><\/svg>\t\t\t\t\t\t<\/span>\n\t\t\t\t\t\t\t\t\t\t<span class=\"elementor-icon-list-text\">Regulamin rekrutacji i uczestnictwa<\/span>\n\t\t\t\t\t\t\t\t\t\t\t<\/a>\n\t\t\t\t\t\t\t\t\t<\/li>\n\t\t\t\t\t\t\t\t<li class=\"elementor-icon-list-item\">\n\t\t\t\t\t\t\t\t\t\t\t<a href=\"https:\/\/przedszkolebajkowakraina.pl\/wp-content\/uploads\/2026\/06\/Zalacznik-nr-1-Formularz-rekrutacyjny-DZIECKO.pdf\">\n\n\t\t\t\t\t\t\t\t\t\t\t\t<span class=\"elementor-icon-list-icon\">\n\t\t\t\t\t\t\t<svg aria-hidden=\"true\" class=\"e-font-icon-svg e-fas-arrow-circle-right\" viewBox=\"0 0 512 512\" xmlns=\"http:\/\/www.w3.org\/2000\/svg\"><path d=\"M256 8c137 0 248 111 248 248S393 504 256 504 8 393 8 256 119 8 256 8zm-28.9 143.6l75.5 72.4H120c-13.3 0-24 10.7-24 24v16c0 13.3 10.7 24 24 24h182.6l-75.5 72.4c-9.7 9.3-9.9 24.8-.4 34.3l11 10.9c9.4 9.4 24.6 9.4 33.9 0L404.3 273c9.4-9.4 9.4-24.6 0-33.9L271.6 106.3c-9.4-9.4-24.6-9.4-33.9 0l-11 10.9c-9.5 9.6-9.3 25.1.4 34.4z\"><\/path><\/svg>\t\t\t\t\t\t<\/span>\n\t\t\t\t\t\t\t\t\t\t<span class=\"elementor-icon-list-text\">Za\u0142\u0105cznik nr 1 do regulaminu rekrutacji i uczestnictwa - formularz rekrutacyjny - DZIECKO<\/span>\n\t\t\t\t\t\t\t\t\t\t\t<\/a>\n\t\t\t\t\t\t\t\t\t<\/li>\n\t\t\t\t\t\t\t\t<li class=\"elementor-icon-list-item\">\n\t\t\t\t\t\t\t\t\t\t\t<a href=\"https:\/\/przedszkolebajkowakraina.pl\/wp-content\/uploads\/2026\/06\/Zalacznik-nr-2-do-Zasad-przetwarzania-danych-osobowych-DZIECKO.pdf\">\n\n\t\t\t\t\t\t\t\t\t\t\t\t<span class=\"elementor-icon-list-icon\">\n\t\t\t\t\t\t\t<svg aria-hidden=\"true\" class=\"e-font-icon-svg e-fas-arrow-circle-right\" viewBox=\"0 0 512 512\" xmlns=\"http:\/\/www.w3.org\/2000\/svg\"><path d=\"M256 8c137 0 248 111 248 248S393 504 256 504 8 393 8 256 119 8 256 8zm-28.9 143.6l75.5 72.4H120c-13.3 0-24 10.7-24 24v16c0 13.3 10.7 24 24 24h182.6l-75.5 72.4c-9.7 9.3-9.9 24.8-.4 34.3l11 10.9c9.4 9.4 24.6 9.4 33.9 0L404.3 273c9.4-9.4 9.4-24.6 0-33.9L271.6 106.3c-9.4-9.4-24.6-9.4-33.9 0l-11 10.9c-9.5 9.6-9.3 25.1.4 34.4z\"><\/path><\/svg>\t\t\t\t\t\t<\/span>\n\t\t\t\t\t\t\t\t\t\t<span class=\"elementor-icon-list-text\">Za\u0142\u0105cznik nr 2 do zasad przetwarzania danych osobowych - o\u015bwiadczenie uczestnika projektu - DZIECKO<\/span>\n\t\t\t\t\t\t\t\t\t\t\t<\/a>\n\t\t\t\t\t\t\t\t\t<\/li>\n\t\t\t\t\t\t\t\t<li class=\"elementor-icon-list-item\">\n\t\t\t\t\t\t\t\t\t\t\t<a href=\"https:\/\/przedszkolebajkowakraina.pl\/wp-content\/uploads\/2026\/06\/Zalacznik-nr-3-Oswiadczenie-potwierdzajace-kwalifikowalnosc-uczestnika-DZIECKO.pdf\">\n\n\t\t\t\t\t\t\t\t\t\t\t\t<span class=\"elementor-icon-list-icon\">\n\t\t\t\t\t\t\t<svg aria-hidden=\"true\" class=\"e-font-icon-svg e-fas-arrow-circle-right\" viewBox=\"0 0 512 512\" xmlns=\"http:\/\/www.w3.org\/2000\/svg\"><path d=\"M256 8c137 0 248 111 248 248S393 504 256 504 8 393 8 256 119 8 256 8zm-28.9 143.6l75.5 72.4H120c-13.3 0-24 10.7-24 24v16c0 13.3 10.7 24 24 24h182.6l-75.5 72.4c-9.7 9.3-9.9 24.8-.4 34.3l11 10.9c9.4 9.4 24.6 9.4 33.9 0L404.3 273c9.4-9.4 9.4-24.6 0-33.9L271.6 106.3c-9.4-9.4-24.6-9.4-33.9 0l-11 10.9c-9.5 9.6-9.3 25.1.4 34.4z\"><\/path><\/svg>\t\t\t\t\t\t<\/span>\n\t\t\t\t\t\t\t\t\t\t<span class=\"elementor-icon-list-text\">Za\u0142\u0105cznik nr 3 o\u015bwiadczenie potwierdzaj\u0105ce kwalifikowalno\u015b\u0107 uczestnika projektu - DZIECKO<\/span>\n\t\t\t\t\t\t\t\t\t\t\t<\/a>\n\t\t\t\t\t\t\t\t\t<\/li>\n\t\t\t\t\t\t\t\t<li class=\"elementor-icon-list-item\">\n\t\t\t\t\t\t\t\t\t\t\t<a href=\"https:\/\/przedszkolebajkowakraina.pl\/wp-content\/uploads\/2026\/06\/Zalacznik-nr-4-oswiadczenia-dodatkowe-DZIECKO.pdf\">\n\n\t\t\t\t\t\t\t\t\t\t\t\t<span class=\"elementor-icon-list-icon\">\n\t\t\t\t\t\t\t<svg aria-hidden=\"true\" class=\"e-font-icon-svg e-fas-arrow-circle-right\" viewBox=\"0 0 512 512\" xmlns=\"http:\/\/www.w3.org\/2000\/svg\"><path d=\"M256 8c137 0 248 111 248 248S393 504 256 504 8 393 8 256 119 8 256 8zm-28.9 143.6l75.5 72.4H120c-13.3 0-24 10.7-24 24v16c0 13.3 10.7 24 24 24h182.6l-75.5 72.4c-9.7 9.3-9.9 24.8-.4 34.3l11 10.9c9.4 9.4 24.6 9.4 33.9 0L404.3 273c9.4-9.4 9.4-24.6 0-33.9L271.6 106.3c-9.4-9.4-24.6-9.4-33.9 0l-11 10.9c-9.5 9.6-9.3 25.1.4 34.4z\"><\/path><\/svg>\t\t\t\t\t\t<\/span>\n\t\t\t\t\t\t\t\t\t\t<span class=\"elementor-icon-list-text\">Za\u0142\u0105cznik nr 4 o\u015bwiadczenia dodatkowe - DZIECKO<\/span>\n\t\t\t\t\t\t\t\t\t\t\t<\/a>\n\t\t\t\t\t\t\t\t\t<\/li>\n\t\t\t\t\t\t\t\t<li class=\"elementor-icon-list-item\">\n\t\t\t\t\t\t\t\t\t\t\t<a href=\"https:\/\/przedszkolebajkowakraina.pl\/wp-content\/uploads\/2026\/06\/Zalacznik-nr-5-oswiadczenie-uczestnika-projektuaswiadczenie-o-uczestnictwie-projekt.pdf\">\n\n\t\t\t\t\t\t\t\t\t\t\t\t<span class=\"elementor-icon-list-icon\">\n\t\t\t\t\t\t\t<svg aria-hidden=\"true\" class=\"e-font-icon-svg e-fas-arrow-circle-right\" viewBox=\"0 0 512 512\" xmlns=\"http:\/\/www.w3.org\/2000\/svg\"><path d=\"M256 8c137 0 248 111 248 248S393 504 256 504 8 393 8 256 119 8 256 8zm-28.9 143.6l75.5 72.4H120c-13.3 0-24 10.7-24 24v16c0 13.3 10.7 24 24 24h182.6l-75.5 72.4c-9.7 9.3-9.9 24.8-.4 34.3l11 10.9c9.4 9.4 24.6 9.4 33.9 0L404.3 273c9.4-9.4 9.4-24.6 0-33.9L271.6 106.3c-9.4-9.4-24.6-9.4-33.9 0l-11 10.9c-9.5 9.6-9.3 25.1.4 34.4z\"><\/path><\/svg>\t\t\t\t\t\t<\/span>\n\t\t\t\t\t\t\t\t\t\t<span class=\"elementor-icon-list-text\">Za\u0142\u0105cznik nr 5 deklaracja uczestnictwa w projekcie<\/span>\n\t\t\t\t\t\t\t\t\t\t\t<\/a>\n\t\t\t\t\t\t\t\t\t<\/li>\n\t\t\t\t\t\t\t\t<li class=\"elementor-icon-list-item\">\n\t\t\t\t\t\t\t\t\t\t\t<a href=\"https:\/\/przedszkolebajkowakraina.pl\/wp-content\/uploads\/2026\/06\/Zalacznik-nr-6-Formularz-rekrutacyjny-NAUCZYCIEL.pdf\">\n\n\t\t\t\t\t\t\t\t\t\t\t\t<span class=\"elementor-icon-list-icon\">\n\t\t\t\t\t\t\t<svg aria-hidden=\"true\" class=\"e-font-icon-svg e-fas-arrow-circle-right\" viewBox=\"0 0 512 512\" xmlns=\"http:\/\/www.w3.org\/2000\/svg\"><path d=\"M256 8c137 0 248 111 248 248S393 504 256 504 8 393 8 256 119 8 256 8zm-28.9 143.6l75.5 72.4H120c-13.3 0-24 10.7-24 24v16c0 13.3 10.7 24 24 24h182.6l-75.5 72.4c-9.7 9.3-9.9 24.8-.4 34.3l11 10.9c9.4 9.4 24.6 9.4 33.9 0L404.3 273c9.4-9.4 9.4-24.6 0-33.9L271.6 106.3c-9.4-9.4-24.6-9.4-33.9 0l-11 10.9c-9.5 9.6-9.3 25.1.4 34.4z\"><\/path><\/svg>\t\t\t\t\t\t<\/span>\n\t\t\t\t\t\t\t\t\t\t<span class=\"elementor-icon-list-text\">Za\u0142\u0105cznik nr 6 do regulaminu rekrutacji i uczestnictwa   - formularz rekrutacyjny - NAUCZYCIEL <\/span>\n\t\t\t\t\t\t\t\t\t\t\t<\/a>\n\t\t\t\t\t\t\t\t\t<\/li>\n\t\t\t\t\t\t\t\t<li class=\"elementor-icon-list-item\">\n\t\t\t\t\t\t\t\t\t\t\t<a href=\"https:\/\/przedszkolebajkowakraina.pl\/wp-content\/uploads\/2026\/06\/Zalacznik-nr-7-do-Zasad-przetwarzania-danych-osobowych-NAUCZYCIEL.pdf\">\n\n\t\t\t\t\t\t\t\t\t\t\t\t<span class=\"elementor-icon-list-icon\">\n\t\t\t\t\t\t\t<svg aria-hidden=\"true\" class=\"e-font-icon-svg e-fas-arrow-circle-right\" viewBox=\"0 0 512 512\" xmlns=\"http:\/\/www.w3.org\/2000\/svg\"><path d=\"M256 8c137 0 248 111 248 248S393 504 256 504 8 393 8 256 119 8 256 8zm-28.9 143.6l75.5 72.4H120c-13.3 0-24 10.7-24 24v16c0 13.3 10.7 24 24 24h182.6l-75.5 72.4c-9.7 9.3-9.9 24.8-.4 34.3l11 10.9c9.4 9.4 24.6 9.4 33.9 0L404.3 273c9.4-9.4 9.4-24.6 0-33.9L271.6 106.3c-9.4-9.4-24.6-9.4-33.9 0l-11 10.9c-9.5 9.6-9.3 25.1.4 34.4z\"><\/path><\/svg>\t\t\t\t\t\t<\/span>\n\t\t\t\t\t\t\t\t\t\t<span class=\"elementor-icon-list-text\">Za\u0142\u0105cznik nr 7 do zasad przetwarzania danych osobowych - o\u015bwiadczenie uczestnika projektu - NAUCZYCIEL<\/span>\n\t\t\t\t\t\t\t\t\t\t\t<\/a>\n\t\t\t\t\t\t\t\t\t<\/li>\n\t\t\t\t\t\t\t\t<li class=\"elementor-icon-list-item\">\n\t\t\t\t\t\t\t\t\t\t\t<a href=\"https:\/\/przedszkolebajkowakraina.pl\/wp-content\/uploads\/2026\/06\/Zalacznik-nr-8-do-Regulaminu-rekrutacji-i-uczestnictwa-oswiadczenie-potwierdzajace-kwalifikowalnosc-uczestnika-NAUCZYCIEL.pdf\">\n\n\t\t\t\t\t\t\t\t\t\t\t\t<span class=\"elementor-icon-list-icon\">\n\t\t\t\t\t\t\t<svg aria-hidden=\"true\" class=\"e-font-icon-svg e-fas-arrow-circle-right\" viewBox=\"0 0 512 512\" xmlns=\"http:\/\/www.w3.org\/2000\/svg\"><path d=\"M256 8c137 0 248 111 248 248S393 504 256 504 8 393 8 256 119 8 256 8zm-28.9 143.6l75.5 72.4H120c-13.3 0-24 10.7-24 24v16c0 13.3 10.7 24 24 24h182.6l-75.5 72.4c-9.7 9.3-9.9 24.8-.4 34.3l11 10.9c9.4 9.4 24.6 9.4 33.9 0L404.3 273c9.4-9.4 9.4-24.6 0-33.9L271.6 106.3c-9.4-9.4-24.6-9.4-33.9 0l-11 10.9c-9.5 9.6-9.3 25.1.4 34.4z\"><\/path><\/svg>\t\t\t\t\t\t<\/span>\n\t\t\t\t\t\t\t\t\t\t<span class=\"elementor-icon-list-text\">Za\u0142\u0105cznik nr 8 o\u015bwiadczenie potwierdzaj\u0105ce kwalifikowalno\u015b\u0107 uczestnika projektu - NAUCZYCIEL<\/span>\n\t\t\t\t\t\t\t\t\t\t\t<\/a>\n\t\t\t\t\t\t\t\t\t<\/li>\n\t\t\t\t\t\t<\/ul>\n\t\t\t\t\t\t<\/div>\n\t\t\t\t\t<\/div>\n\t\t<\/div>\n\t\t\t\t<div class=\"elementor-column elementor-col-50 elementor-top-column elementor-element elementor-element-c207e5e\" data-id=\"c207e5e\" data-element_type=\"column\" data-e-type=\"column\" data-settings=\"{&quot;background_background&quot;:&quot;gradient&quot;}\">\n\t\t\t<div class=\"elementor-widget-wrap elementor-element-populated\">\n\t\t\t\t\t\t<div class=\"elementor-element elementor-element-20a40b6 elementor-invisible elementor-widget elementor-widget-image\" data-id=\"20a40b6\" data-element_type=\"widget\" data-e-type=\"widget\" data-settings=\"{&quot;motion_fx_motion_fx_scrolling&quot;:&quot;yes&quot;,&quot;motion_fx_scale_effect&quot;:&quot;yes&quot;,&quot;motion_fx_scale_speed&quot;:{&quot;unit&quot;:&quot;px&quot;,&quot;size&quot;:1,&quot;sizes&quot;:[]},&quot;motion_fx_devices&quot;:[&quot;desktop&quot;],&quot;_animation&quot;:&quot;rotateInDownRight&quot;,&quot;motion_fx_scale_direction&quot;:&quot;out-in&quot;,&quot;motion_fx_scale_range&quot;:{&quot;unit&quot;:&quot;%&quot;,&quot;size&quot;:&quot;&quot;,&quot;sizes&quot;:{&quot;start&quot;:20,&quot;end&quot;:80}}}\" data-widget_type=\"image.default\">\n\t\t\t\t\t\t\t\t\t\t\t\t\t\t\t<img decoding=\"async\" width=\"768\" height=\"512\" src=\"https:\/\/przedszkolebajkowakraina.pl\/wp-content\/uploads\/2026\/06\/14536-768x512.jpg\" class=\"attachment-medium_large size-medium_large wp-image-622\" alt=\"\" srcset=\"https:\/\/przedszkolebajkowakraina.pl\/wp-content\/uploads\/2026\/06\/14536-768x512.jpg 768w, https:\/\/przedszkolebajkowakraina.pl\/wp-content\/uploads\/2026\/06\/14536-300x200.jpg 300w, https:\/\/przedszkolebajkowakraina.pl\/wp-content\/uploads\/2026\/06\/14536-1024x682.jpg 1024w, https:\/\/przedszkolebajkowakraina.pl\/wp-content\/uploads\/2026\/06\/14536-1536x1024.jpg 1536w, https:\/\/przedszkolebajkowakraina.pl\/wp-content\/uploads\/2026\/06\/14536.jpg 2000w\" sizes=\"(max-width: 768px) 100vw, 768px\" \/>\t\t\t\t\t\t\t\t\t\t\t\t\t\t\t<\/div>\n\t\t\t\t\t<\/div>\n\t\t<\/div>\n\t\t\t\t\t<\/div>\n\t\t<\/section>\n\t\t\t\t<section class=\"elementor-section elementor-top-section elementor-element elementor-element-3e816da elementor-section-content-middle elementor-reverse-tablet elementor-reverse-mobile elementor-section-boxed elementor-section-height-default elementor-section-height-default\" data-id=\"3e816da\" data-element_type=\"section\" data-e-type=\"section\">\n\t\t\t\t\t\t<div class=\"elementor-container elementor-column-gap-wider\">\n\t\t\t\t\t<div class=\"elementor-column elementor-col-50 elementor-top-column elementor-element elementor-element-ce07b08\" data-id=\"ce07b08\" data-element_type=\"column\" data-e-type=\"column\">\n\t\t\t<div class=\"elementor-widget-wrap elementor-element-populated\">\n\t\t\t\t\t\t<div class=\"elementor-element elementor-element-c4dc225 elementor-invisible elementor-widget elementor-widget-heading\" data-id=\"c4dc225\" data-element_type=\"widget\" data-e-type=\"widget\" data-settings=\"{&quot;_animation&quot;:&quot;fadeInLeft&quot;}\" data-widget_type=\"heading.default\">\n\t\t\t\t\t<h2 class=\"elementor-heading-title elementor-size-default\">Projekty UE<\/h2>\t\t\t\t<\/div>\n\t\t\t\t<div class=\"elementor-element elementor-element-ed14561 elementor-invisible elementor-widget elementor-widget-heading\" data-id=\"ed14561\" data-element_type=\"widget\" data-e-type=\"widget\" data-settings=\"{&quot;_animation&quot;:&quot;fadeInLeft&quot;}\" data-widget_type=\"heading.default\">\n\t\t\t\t\t<h3 class=\"elementor-heading-title elementor-size-default\">Zaj\u0119cia Projektowe \u2013 Fundusze Europejskie<\/h3>\t\t\t\t<\/div>\n\t\t\t\t<div class=\"elementor-element elementor-element-ed76e88 elementor-invisible elementor-widget elementor-widget-text-editor\" data-id=\"ed76e88\" data-element_type=\"widget\" data-e-type=\"widget\" data-settings=\"{&quot;_animation&quot;:&quot;fadeInLeft&quot;}\" data-widget_type=\"text-editor.default\">\n\t\t\t\t\t\t\t\t\t<p>W naszym przedszkolu realizujemy nowoczesne projekty edukacyjne wsp\u00f3\u0142finansowane ze \u015brodk\u00f3w Unii Europejskiej, dzi\u0119ki kt\u00f3rym dzieci mog\u0105 uczestniczy\u0107 w bezp\u0142atnych, atrakcyjnych zaj\u0119ciach rozwijaj\u0105cych. Codziennie \u0142\u0105czymy nauk\u0119 z kreatywn\u0105 zabaw\u0105, wspieraj\u0105c rozw\u00f3j j\u0119zykowy, spo\u0142eczny, ruchowy i emocjonalny dzieci poprzez anga\u017cuj\u0105ce warsztaty prowadzone przez wykwalifikowanych specjalist\u00f3w i ekspert\u00f3w.<\/p>\t\t\t\t\t\t\t\t<\/div>\n\t\t\t\t\t<\/div>\n\t\t<\/div>\n\t\t\t\t<div class=\"elementor-column elementor-col-50 elementor-top-column elementor-element elementor-element-baeea07\" data-id=\"baeea07\" data-element_type=\"column\" data-e-type=\"column\" data-settings=\"{&quot;background_background&quot;:&quot;gradient&quot;}\">\n\t\t\t<div class=\"elementor-widget-wrap elementor-element-populated\">\n\t\t\t\t\t\t<div class=\"elementor-element elementor-element-291c252 elementor-invisible elementor-widget elementor-widget-image\" data-id=\"291c252\" data-element_type=\"widget\" data-e-type=\"widget\" data-settings=\"{&quot;motion_fx_motion_fx_scrolling&quot;:&quot;yes&quot;,&quot;motion_fx_scale_effect&quot;:&quot;yes&quot;,&quot;motion_fx_scale_speed&quot;:{&quot;unit&quot;:&quot;px&quot;,&quot;size&quot;:1,&quot;sizes&quot;:[]},&quot;motion_fx_devices&quot;:[&quot;desktop&quot;],&quot;_animation&quot;:&quot;rotateInDownRight&quot;,&quot;motion_fx_scale_direction&quot;:&quot;out-in&quot;,&quot;motion_fx_scale_range&quot;:{&quot;unit&quot;:&quot;%&quot;,&quot;size&quot;:&quot;&quot;,&quot;sizes&quot;:{&quot;start&quot;:20,&quot;end&quot;:80}}}\" data-widget_type=\"image.default\">\n\t\t\t\t\t\t\t\t\t\t\t\t\t\t\t<img loading=\"lazy\" decoding=\"async\" width=\"768\" height=\"512\" src=\"https:\/\/przedszkolebajkowakraina.pl\/wp-content\/uploads\/2026\/05\/2147663756-768x512.jpg\" class=\"attachment-medium_large size-medium_large wp-image-507\" alt=\"\" srcset=\"https:\/\/przedszkolebajkowakraina.pl\/wp-content\/uploads\/2026\/05\/2147663756-768x512.jpg 768w, https:\/\/przedszkolebajkowakraina.pl\/wp-content\/uploads\/2026\/05\/2147663756-300x200.jpg 300w, https:\/\/przedszkolebajkowakraina.pl\/wp-content\/uploads\/2026\/05\/2147663756-1024x682.jpg 1024w, https:\/\/przedszkolebajkowakraina.pl\/wp-content\/uploads\/2026\/05\/2147663756-1536x1024.jpg 1536w, https:\/\/przedszkolebajkowakraina.pl\/wp-content\/uploads\/2026\/05\/2147663756.jpg 2000w\" sizes=\"(max-width: 768px) 100vw, 768px\" \/>\t\t\t\t\t\t\t\t\t\t\t\t\t\t\t<\/div>\n\t\t\t\t\t<\/div>\n\t\t<\/div>\n\t\t\t\t\t<\/div>\n\t\t<\/section>\n\t\t\t\t<section class=\"elementor-section elementor-top-section elementor-element elementor-element-8170287 elementor-section-boxed elementor-section-height-default elementor-section-height-default elementor-invisible\" data-id=\"8170287\" data-element_type=\"section\" data-e-type=\"section\" data-settings=\"{&quot;animation&quot;:&quot;fadeIn&quot;}\">\n\t\t\t\t\t\t<div class=\"elementor-container elementor-column-gap-default\">\n\t\t\t\t\t<div class=\"elementor-column elementor-col-100 elementor-top-column elementor-element elementor-element-deb6dac\" data-id=\"deb6dac\" data-element_type=\"column\" data-e-type=\"column\">\n\t\t\t<div class=\"elementor-widget-wrap elementor-element-populated\">\n\t\t\t\t\t\t<section class=\"elementor-section elementor-inner-section elementor-element elementor-element-9cd86e7 elementor-section-boxed elementor-section-height-default elementor-section-height-default\" data-id=\"9cd86e7\" data-element_type=\"section\" data-e-type=\"section\">\n\t\t\t\t\t\t<div class=\"elementor-container elementor-column-gap-default\">\n\t\t\t\t\t<div class=\"elementor-column elementor-col-33 elementor-inner-column elementor-element elementor-element-c75ada7\" data-id=\"c75ada7\" data-element_type=\"column\" data-e-type=\"column\" data-settings=\"{&quot;background_background&quot;:&quot;classic&quot;}\">\n\t\t\t<div class=\"elementor-widget-wrap elementor-element-populated\">\n\t\t\t\t\t\t<div class=\"elementor-element elementor-element-c904a33 elementor-widget elementor-widget-heading\" data-id=\"c904a33\" data-element_type=\"widget\" data-e-type=\"widget\" data-widget_type=\"heading.default\">\n\t\t\t\t\t<h3 class=\"elementor-heading-title elementor-size-default\">J\u0119zyk francuski<\/h3>\t\t\t\t<\/div>\n\t\t\t\t<div class=\"elementor-element elementor-element-dedeb1b elementor-widget elementor-widget-text-editor\" data-id=\"dedeb1b\" data-element_type=\"widget\" data-e-type=\"widget\" data-widget_type=\"text-editor.default\">\n\t\t\t\t\t\t\t\t\t<p>Pe\u0142ne zabaw i piosenek wprowadzenie w \u015bwiat j\u0119zyka oraz kultury francuskiej.<\/p>\t\t\t\t\t\t\t\t<\/div>\n\t\t\t\t<div class=\"elementor-element elementor-element-9304490 elementor-widget__width-auto elementor-widget elementor-widget-heading\" data-id=\"9304490\" data-element_type=\"widget\" data-e-type=\"widget\" data-widget_type=\"heading.default\">\n\t\t\t\t\t<p class=\"elementor-heading-title elementor-size-default\">1 x w tygodniu<\/p>\t\t\t\t<\/div>\n\t\t\t\t\t<\/div>\n\t\t<\/div>\n\t\t\t\t<div class=\"elementor-column elementor-col-33 elementor-inner-column elementor-element elementor-element-1ae000e\" data-id=\"1ae000e\" data-element_type=\"column\" data-e-type=\"column\" data-settings=\"{&quot;background_background&quot;:&quot;gradient&quot;}\">\n\t\t\t<div class=\"elementor-widget-wrap elementor-element-populated\">\n\t\t\t\t\t\t<div class=\"elementor-element elementor-element-44ee198 elementor-widget elementor-widget-heading\" data-id=\"44ee198\" data-element_type=\"widget\" data-e-type=\"widget\" data-widget_type=\"heading.default\">\n\t\t\t\t\t<h3 class=\"elementor-heading-title elementor-size-default\">Zaj\u0119cia rytmiczno-muzyczne<\/h3>\t\t\t\t<\/div>\n\t\t\t\t<div class=\"elementor-element elementor-element-a5c666e elementor-widget elementor-widget-text-editor\" data-id=\"a5c666e\" data-element_type=\"widget\" data-e-type=\"widget\" data-widget_type=\"text-editor.default\">\n\t\t\t\t\t\t\t\t\t<p>Profesjonalne lekcje muzyki prowadzone przez nauczyciela szko\u0142y muzycznej.<\/p>\t\t\t\t\t\t\t\t<\/div>\n\t\t\t\t<div class=\"elementor-element elementor-element-e8e5cd9 elementor-widget__width-auto elementor-widget elementor-widget-heading\" data-id=\"e8e5cd9\" data-element_type=\"widget\" data-e-type=\"widget\" data-widget_type=\"heading.default\">\n\t\t\t\t\t<p class=\"elementor-heading-title elementor-size-default\">1 x w tygodniu<\/p>\t\t\t\t<\/div>\n\t\t\t\t\t<\/div>\n\t\t<\/div>\n\t\t\t\t<div class=\"elementor-column elementor-col-33 elementor-inner-column elementor-element elementor-element-16c12e3\" data-id=\"16c12e3\" data-element_type=\"column\" data-e-type=\"column\" data-settings=\"{&quot;background_background&quot;:&quot;classic&quot;}\">\n\t\t\t<div class=\"elementor-widget-wrap elementor-element-populated\">\n\t\t\t\t\t\t<div class=\"elementor-element elementor-element-f1386f8 elementor-widget elementor-widget-heading\" data-id=\"f1386f8\" data-element_type=\"widget\" data-e-type=\"widget\" data-widget_type=\"heading.default\">\n\t\t\t\t\t<h3 class=\"elementor-heading-title elementor-size-default\">Zaj\u0119cia taneczne<\/h3>\t\t\t\t<\/div>\n\t\t\t\t<div class=\"elementor-element elementor-element-8c0c0a6 elementor-widget elementor-widget-text-editor\" data-id=\"8c0c0a6\" data-element_type=\"widget\" data-e-type=\"widget\" data-widget_type=\"text-editor.default\">\n\t\t\t\t\t\t\t\t\t<p>Nauka poczucia rytmu i ekspresji ruchowej z wykwalifikowanym instruktorem ta\u0144ca.<\/p>\t\t\t\t\t\t\t\t<\/div>\n\t\t\t\t<div class=\"elementor-element elementor-element-5720427 elementor-widget__width-auto elementor-widget elementor-widget-heading\" data-id=\"5720427\" data-element_type=\"widget\" data-e-type=\"widget\" data-widget_type=\"heading.default\">\n\t\t\t\t\t<p class=\"elementor-heading-title elementor-size-default\">1 x w tygodniu<\/p>\t\t\t\t<\/div>\n\t\t\t\t\t<\/div>\n\t\t<\/div>\n\t\t\t\t\t<\/div>\n\t\t<\/section>\n\t\t\t\t<section class=\"elementor-section elementor-inner-section elementor-element elementor-element-aa2c01b elementor-section-boxed elementor-section-height-default elementor-section-height-default\" data-id=\"aa2c01b\" data-element_type=\"section\" data-e-type=\"section\">\n\t\t\t\t\t\t<div class=\"elementor-container elementor-column-gap-default\">\n\t\t\t\t\t<div class=\"elementor-column elementor-col-33 elementor-inner-column elementor-element elementor-element-6194c79\" data-id=\"6194c79\" data-element_type=\"column\" data-e-type=\"column\" data-settings=\"{&quot;background_background&quot;:&quot;classic&quot;}\">\n\t\t\t<div class=\"elementor-widget-wrap elementor-element-populated\">\n\t\t\t\t\t\t<div class=\"elementor-element elementor-element-6b40fa6 elementor-widget elementor-widget-heading\" data-id=\"6b40fa6\" data-element_type=\"widget\" data-e-type=\"widget\" data-widget_type=\"heading.default\">\n\t\t\t\t\t<h3 class=\"elementor-heading-title elementor-size-default\">Robotyka <br>dla dzieci<\/h3>\t\t\t\t<\/div>\n\t\t\t\t<div class=\"elementor-element elementor-element-f0a225e elementor-widget elementor-widget-text-editor\" data-id=\"f0a225e\" data-element_type=\"widget\" data-e-type=\"widget\" data-widget_type=\"text-editor.default\">\n\t\t\t\t\t\t\t\t\t<p>Nowoczesne warsztaty z kodowania i konstruowania, dedykowane dla starszych grup<\/p>\t\t\t\t\t\t\t\t<\/div>\n\t\t\t\t<div class=\"elementor-element elementor-element-138dd49 elementor-widget__width-auto elementor-widget elementor-widget-heading\" data-id=\"138dd49\" data-element_type=\"widget\" data-e-type=\"widget\" data-widget_type=\"heading.default\">\n\t\t\t\t\t<p class=\"elementor-heading-title elementor-size-default\">Dla dzieci 5 i 6 letnich<\/p>\t\t\t\t<\/div>\n\t\t\t\t<div class=\"elementor-element elementor-element-1f1b39f elementor-widget__width-auto elementor-widget elementor-widget-heading\" data-id=\"1f1b39f\" data-element_type=\"widget\" data-e-type=\"widget\" data-widget_type=\"heading.default\">\n\t\t\t\t\t<p class=\"elementor-heading-title elementor-size-default\">1 x w tygodniu<\/p>\t\t\t\t<\/div>\n\t\t\t\t\t<\/div>\n\t\t<\/div>\n\t\t\t\t<div class=\"elementor-column elementor-col-33 elementor-inner-column elementor-element elementor-element-4913758\" data-id=\"4913758\" data-element_type=\"column\" data-e-type=\"column\" data-settings=\"{&quot;background_background&quot;:&quot;classic&quot;}\">\n\t\t\t<div class=\"elementor-widget-wrap elementor-element-populated\">\n\t\t\t\t\t\t<div class=\"elementor-element elementor-element-1f660ff elementor-widget elementor-widget-heading\" data-id=\"1f660ff\" data-element_type=\"widget\" data-e-type=\"widget\" data-widget_type=\"heading.default\">\n\t\t\t\t\t<h3 class=\"elementor-heading-title elementor-size-default\">Zaj\u0119cia florystyczno-artystyczne<\/h3>\t\t\t\t<\/div>\n\t\t\t\t<div class=\"elementor-element elementor-element-f7c7643 elementor-widget elementor-widget-text-editor\" data-id=\"f7c7643\" data-element_type=\"widget\" data-e-type=\"widget\" data-widget_type=\"text-editor.default\">\n\t\t\t\t\t\t\t\t\t<p>Kreatywne tworzenie kompozycji z naturalnych materia\u0142\u00f3w, rozwijaj\u0105ce wyobra\u017ani\u0119 i motoryk\u0119.<\/p>\t\t\t\t\t\t\t\t<\/div>\n\t\t\t\t<div class=\"elementor-element elementor-element-ef84321 elementor-widget__width-auto elementor-widget elementor-widget-heading\" data-id=\"ef84321\" data-element_type=\"widget\" data-e-type=\"widget\" data-widget_type=\"heading.default\">\n\t\t\t\t\t<p class=\"elementor-heading-title elementor-size-default\">1 x w miesi\u0105cu<\/p>\t\t\t\t<\/div>\n\t\t\t\t\t<\/div>\n\t\t<\/div>\n\t\t\t\t<div class=\"elementor-column elementor-col-33 elementor-inner-column elementor-element elementor-element-d38363b\" data-id=\"d38363b\" data-element_type=\"column\" data-e-type=\"column\" data-settings=\"{&quot;background_background&quot;:&quot;classic&quot;}\">\n\t\t\t<div class=\"elementor-widget-wrap elementor-element-populated\">\n\t\t\t\t\t\t<div class=\"elementor-element elementor-element-a6e2cd8 elementor-widget elementor-widget-heading\" data-id=\"a6e2cd8\" data-element_type=\"widget\" data-e-type=\"widget\" data-widget_type=\"heading.default\">\n\t\t\t\t\t<h3 class=\"elementor-heading-title elementor-size-default\">Zaj\u0119cia podr\u00f3\u017cnicze<\/h3>\t\t\t\t<\/div>\n\t\t\t\t<div class=\"elementor-element elementor-element-d745260 elementor-widget elementor-widget-text-editor\" data-id=\"d745260\" data-element_type=\"widget\" data-e-type=\"widget\" data-widget_type=\"text-editor.default\">\n\t\t\t\t\t\t\t\t\t<p>Interaktywne warsztaty podr\u00f3\u017cnicze, kt\u00f3re rozbudzaj\u0105 w maluchach ciekawo\u015b\u0107 \u015bwiata.<\/p>\t\t\t\t\t\t\t\t<\/div>\n\t\t\t\t<div class=\"elementor-element elementor-element-5c0d370 elementor-widget__width-auto elementor-widget elementor-widget-heading\" data-id=\"5c0d370\" data-element_type=\"widget\" data-e-type=\"widget\" data-widget_type=\"heading.default\">\n\t\t\t\t\t<p class=\"elementor-heading-title elementor-size-default\">1 x w miesi\u0105cu<\/p>\t\t\t\t<\/div>\n\t\t\t\t\t<\/div>\n\t\t<\/div>\n\t\t\t\t\t<\/div>\n\t\t<\/section>\n\t\t\t\t<section class=\"elementor-section elementor-inner-section elementor-element elementor-element-e25390b elementor-section-boxed elementor-section-height-default elementor-section-height-default\" data-id=\"e25390b\" data-element_type=\"section\" data-e-type=\"section\">\n\t\t\t\t\t\t<div class=\"elementor-container elementor-column-gap-default\">\n\t\t\t\t\t<div class=\"elementor-column elementor-col-33 elementor-inner-column elementor-element elementor-element-bde7ab9\" data-id=\"bde7ab9\" data-element_type=\"column\" data-e-type=\"column\" data-settings=\"{&quot;background_background&quot;:&quot;classic&quot;}\">\n\t\t\t<div class=\"elementor-widget-wrap elementor-element-populated\">\n\t\t\t\t\t\t<div class=\"elementor-element elementor-element-0e8daca elementor-widget elementor-widget-heading\" data-id=\"0e8daca\" data-element_type=\"widget\" data-e-type=\"widget\" data-widget_type=\"heading.default\">\n\t\t\t\t\t<h3 class=\"elementor-heading-title elementor-size-default\">Logorytmika<\/h3>\t\t\t\t<\/div>\n\t\t\t\t<div class=\"elementor-element elementor-element-d7884ee elementor-widget elementor-widget-text-editor\" data-id=\"d7884ee\" data-element_type=\"widget\" data-e-type=\"widget\" data-widget_type=\"text-editor.default\">\n\t\t\t\t\t\t\t\t\t<p>Po\u0142\u0105czenie terapii mowy z rytmem i ruchem, idealnie stymuluj\u0105ce rozw\u00f3j komunikacji.<\/p>\t\t\t\t\t\t\t\t<\/div>\n\t\t\t\t<div class=\"elementor-element elementor-element-bf7841f elementor-widget__width-auto elementor-widget elementor-widget-heading\" data-id=\"bf7841f\" data-element_type=\"widget\" data-e-type=\"widget\" data-widget_type=\"heading.default\">\n\t\t\t\t\t<p class=\"elementor-heading-title elementor-size-default\">Dla dzieci ze specjalnymi potrzebami<\/p>\t\t\t\t<\/div>\n\t\t\t\t<div class=\"elementor-element elementor-element-316ada6 elementor-widget__width-auto elementor-widget elementor-widget-heading\" data-id=\"316ada6\" data-element_type=\"widget\" data-e-type=\"widget\" data-widget_type=\"heading.default\">\n\t\t\t\t\t<p class=\"elementor-heading-title elementor-size-default\">1 x w tygodniu<\/p>\t\t\t\t<\/div>\n\t\t\t\t\t<\/div>\n\t\t<\/div>\n\t\t\t\t<div class=\"elementor-column elementor-col-33 elementor-inner-column elementor-element elementor-element-171944a\" data-id=\"171944a\" data-element_type=\"column\" data-e-type=\"column\" data-settings=\"{&quot;background_background&quot;:&quot;classic&quot;}\">\n\t\t\t<div class=\"elementor-widget-wrap elementor-element-populated\">\n\t\t\t\t\t\t<div class=\"elementor-element elementor-element-1cf5f0f elementor-widget elementor-widget-heading\" data-id=\"1cf5f0f\" data-element_type=\"widget\" data-e-type=\"widget\" data-widget_type=\"heading.default\">\n\t\t\t\t\t<h3 class=\"elementor-heading-title elementor-size-default\">Trening Umiej\u0119tno\u015bci Spo\u0142ecznych (TUS)<\/h3>\t\t\t\t<\/div>\n\t\t\t\t<div class=\"elementor-element elementor-element-95c6b8e elementor-widget elementor-widget-text-editor\" data-id=\"95c6b8e\" data-element_type=\"widget\" data-e-type=\"widget\" data-widget_type=\"text-editor.default\">\n\t\t\t\t\t\t\t\t\t<p>Certyfikowane zaj\u0119cia ucz\u0105ce wsp\u00f3\u0142pracy, radzenia sobie z emocjami i budowania relacji.<\/p>\t\t\t\t\t\t\t\t<\/div>\n\t\t\t\t<div class=\"elementor-element elementor-element-ee18e22 elementor-widget__width-auto elementor-widget elementor-widget-heading\" data-id=\"ee18e22\" data-element_type=\"widget\" data-e-type=\"widget\" data-widget_type=\"heading.default\">\n\t\t\t\t\t<p class=\"elementor-heading-title elementor-size-default\">Zaj\u0119cia indywidualne<\/p>\t\t\t\t<\/div>\n\t\t\t\t\t<\/div>\n\t\t<\/div>\n\t\t\t\t<div class=\"elementor-column elementor-col-33 elementor-inner-column elementor-element elementor-element-2037b76\" data-id=\"2037b76\" data-element_type=\"column\" data-e-type=\"column\" data-settings=\"{&quot;background_background&quot;:&quot;classic&quot;}\">\n\t\t\t<div class=\"elementor-widget-wrap elementor-element-populated\">\n\t\t\t\t\t\t<div class=\"elementor-element elementor-element-6f280d8 elementor-widget elementor-widget-heading\" data-id=\"6f280d8\" data-element_type=\"widget\" data-e-type=\"widget\" data-widget_type=\"heading.default\">\n\t\t\t\t\t<h3 class=\"elementor-heading-title elementor-size-default\">Gimnastyka korekcyjna<\/h3>\t\t\t\t<\/div>\n\t\t\t\t<div class=\"elementor-element elementor-element-6e11c9a elementor-widget elementor-widget-text-editor\" data-id=\"6e11c9a\" data-element_type=\"widget\" data-e-type=\"widget\" data-widget_type=\"text-editor.default\">\n\t\t\t\t\t\t\t\t\t<p>Profesjonalne \u0107wiczenia dbaj\u0105ce o prawid\u0142ow\u0105 postaw\u0119 cia\u0142a i rozw\u00f3j motoryczny.<\/p>\t\t\t\t\t\t\t\t<\/div>\n\t\t\t\t<div class=\"elementor-element elementor-element-e877e23 elementor-widget__width-auto elementor-widget elementor-widget-heading\" data-id=\"e877e23\" data-element_type=\"widget\" data-e-type=\"widget\" data-widget_type=\"heading.default\">\n\t\t\t\t\t<p class=\"elementor-heading-title elementor-size-default\">Zaj\u0119cia indywidualne<\/p>\t\t\t\t<\/div>\n\t\t\t\t\t<\/div>\n\t\t<\/div>\n\t\t\t\t\t<\/div>\n\t\t<\/section>\n\t\t\t\t<section class=\"elementor-section elementor-inner-section elementor-element elementor-element-1f8cbc7 elementor-section-boxed elementor-section-height-default elementor-section-height-default\" data-id=\"1f8cbc7\" data-element_type=\"section\" data-e-type=\"section\">\n\t\t\t\t\t\t<div class=\"elementor-container elementor-column-gap-default\">\n\t\t\t\t\t<div class=\"elementor-column elementor-col-33 elementor-inner-column elementor-element elementor-element-452ffa6 elementor-hidden-tablet elementor-hidden-mobile\" data-id=\"452ffa6\" data-element_type=\"column\" data-e-type=\"column\" data-settings=\"{&quot;background_background&quot;:&quot;classic&quot;}\">\n\t\t\t<div class=\"elementor-widget-wrap\">\n\t\t\t\t\t\t\t<\/div>\n\t\t<\/div>\n\t\t\t\t<div class=\"elementor-column elementor-col-33 elementor-inner-column elementor-element elementor-element-e87848d\" data-id=\"e87848d\" data-element_type=\"column\" data-e-type=\"column\" data-settings=\"{&quot;background_background&quot;:&quot;classic&quot;}\">\n\t\t\t<div class=\"elementor-widget-wrap elementor-element-populated\">\n\t\t\t\t\t\t<div class=\"elementor-element elementor-element-b8a996d elementor-widget elementor-widget-heading\" data-id=\"b8a996d\" data-element_type=\"widget\" data-e-type=\"widget\" data-widget_type=\"heading.default\">\n\t\t\t\t\t<h3 class=\"elementor-heading-title elementor-size-default\">Zaj\u0119cia sensoryczne \/ sensoplastyczne<\/h3>\t\t\t\t<\/div>\n\t\t\t\t<div class=\"elementor-element elementor-element-eca0d82 elementor-widget elementor-widget-text-editor\" data-id=\"eca0d82\" data-element_type=\"widget\" data-e-type=\"widget\" data-widget_type=\"text-editor.default\">\n\t\t\t\t\t\t\t\t\t<p>Wielozmys\u0142owa stymulacja, kt\u00f3ra wspiera integracj\u0119 bod\u017ac\u00f3w i rozwija kreatywno\u015b\u0107.<\/p>\t\t\t\t\t\t\t\t<\/div>\n\t\t\t\t\t<\/div>\n\t\t<\/div>\n\t\t\t\t<div class=\"elementor-column elementor-col-33 elementor-inner-column elementor-element elementor-element-a8dccb2 elementor-hidden-tablet elementor-hidden-mobile\" data-id=\"a8dccb2\" data-element_type=\"column\" data-e-type=\"column\" data-settings=\"{&quot;background_background&quot;:&quot;classic&quot;}\">\n\t\t\t<div class=\"elementor-widget-wrap\">\n\t\t\t\t\t\t\t<\/div>\n\t\t<\/div>\n\t\t\t\t\t<\/div>\n\t\t<\/section>\n\t\t\t\t\t<\/div>\n\t\t<\/div>\n\t\t\t\t\t<\/div>\n\t\t<\/section>\n\t\t\t\t<\/div>\n\t\t","protected":false},"excerpt":{"rendered":"<p>Projekty UE #FunduszeEuropejskie #FunduszeUE Firma Z.U.H.P. Niepubliczne Przedszkole &#8222;Bajkowa Kraina&#8221; uzyska\u0142a dotacj\u0119 z Unii Europejskiej na projekt \u201eRozw\u00f3j oferty edukacyjnej i dzia\u0142ania na rzecz rozwoju kompetencji kadry w przedszkolu &#8222;Bajkowa Kraina&#8221;. Celem realizacji projektu jest podniesienie jako\u015bci edukacji przedszkolnej poprzez poszerzenie oferty zaj\u0119\u0107 dodatkowych oraz podniesienie kompetencji kadry. W ramach realizacji projektu zrealizowane zostan\u0105 zaj\u0119cia [&hellip;]<\/p>\n","protected":false},"author":2,"featured_media":0,"parent":0,"menu_order":0,"comment_status":"closed","ping_status":"closed","template":"","meta":{"footnotes":""},"class_list":["post-42","page","type-page","status-publish","hentry"],"_links":{"self":[{"href":"https:\/\/przedszkolebajkowakraina.pl\/index.php?rest_route=\/wp\/v2\/pages\/42","targetHints":{"allow":["GET"]}}],"collection":[{"href":"https:\/\/przedszkolebajkowakraina.pl\/index.php?rest_route=\/wp\/v2\/pages"}],"about":[{"href":"https:\/\/przedszkolebajkowakraina.pl\/index.php?rest_route=\/wp\/v2\/types\/page"}],"author":[{"embeddable":true,"href":"https:\/\/przedszkolebajkowakraina.pl\/index.php?rest_route=\/wp\/v2\/users\/2"}],"replies":[{"embeddable":true,"href":"https:\/\/przedszkolebajkowakraina.pl\/index.php?rest_route=%2Fwp%2Fv2%2Fcomments&post=42"}],"version-history":[{"count":136,"href":"https:\/\/przedszkolebajkowakraina.pl\/index.php?rest_route=\/wp\/v2\/pages\/42\/revisions"}],"predecessor-version":[{"id":908,"href":"https:\/\/przedszkolebajkowakraina.pl\/index.php?rest_route=\/wp\/v2\/pages\/42\/revisions\/908"}],"wp:attachment":[{"href":"https:\/\/przedszkolebajkowakraina.pl\/index.php?rest_route=%2Fwp%2Fv2%2Fmedia&parent=42"}],"curies":[{"name":"wp","href":"https:\/\/api.w.org\/{rel}","templated":true}]}}