{"id":3,"date":"2026-05-21T09:38:49","date_gmt":"2026-05-21T09:38:49","guid":{"rendered":"https:\/\/przedszkolebajkowakraina.pl\/?page_id=3"},"modified":"2026-06-17T09:56:56","modified_gmt":"2026-06-17T07:56:56","slug":"privacy-policy","status":"publish","type":"page","link":"https:\/\/przedszkolebajkowakraina.pl\/?page_id=3","title":{"rendered":"Regulamin i polityka prywatno\u015bci"},"content":{"rendered":"\t\t<div data-elementor-type=\"wp-page\" data-elementor-id=\"3\" class=\"elementor elementor-3\" data-elementor-post-type=\"page\">\n\t\t\t\t<div class=\"elementor-element elementor-element-dfdf78b e-flex e-con-boxed e-con e-parent\" data-id=\"dfdf78b\" data-element_type=\"container\" data-e-type=\"container\">\n\t\t\t\t\t<div class=\"e-con-inner\">\n\t\t\t\t<div class=\"elementor-element elementor-element-5e7600a elementor-widget elementor-widget-heading\" data-id=\"5e7600a\" data-element_type=\"widget\" data-e-type=\"widget\" data-widget_type=\"heading.default\">\n\t\t\t\t\t<h1 class=\"elementor-heading-title elementor-size-default\">Regulamin<\/h1>\t\t\t\t<\/div>\n\t\t\t\t<div class=\"elementor-element elementor-element-6f91e38 elementor-widget elementor-widget-heading\" data-id=\"6f91e38\" data-element_type=\"widget\" data-e-type=\"widget\" data-widget_type=\"heading.default\">\n\t\t\t\t\t<h2 class=\"elementor-heading-title elementor-size-default\">Regulamin Niepublicznego Przedszkola \u201eBajkowa Kraina\u201d<\/h2>\t\t\t\t<\/div>\n\t\t\t\t<div class=\"elementor-element elementor-element-d52df2e elementor-widget elementor-widget-text-editor\" data-id=\"d52df2e\" data-element_type=\"widget\" data-e-type=\"widget\" data-widget_type=\"text-editor.default\">\n\t\t\t\t\t\t\t\t\t<h3 data-section-id=\"1cwuhhm\" data-start=\"57\" data-end=\"83\">\u00a71 Postanowienia og\u00f3lne<\/h3><ol data-start=\"84\" data-end=\"242\"><li data-section-id=\"u9tkct\" data-start=\"84\" data-end=\"197\">Niepubliczne Przedszkole \u201eBajkowa Kraina\u201d mie\u015bci si\u0119 pod adresem:<br data-start=\"152\" data-end=\"155\" \/>\u0141ososina Dolna 314, 33-314 \u0141ososina Dolna.<\/li><li data-section-id=\"y48g08\" data-start=\"199\" data-end=\"242\">Kontakt z plac\u00f3wk\u0105 mo\u017cliwy jest poprzez:<\/li><\/ol><ul data-start=\"243\" data-end=\"296\"><li data-section-id=\"1o0v1z2\" data-start=\"243\" data-end=\"265\">telefon: 510 918 205<\/li><li data-section-id=\"1ufw6gv\" data-start=\"266\" data-end=\"296\">e-mail: <a class=\"decorated-link cursor-pointer\" rel=\"noopener\" data-start=\"276\" data-end=\"296\">bajkowa314@gmail.com<\/a><\/li><\/ul><ol start=\"3\" data-start=\"298\" data-end=\"494\"><li data-section-id=\"1kbtf57\" data-start=\"298\" data-end=\"374\">Przedszkole czynne jest od poniedzia\u0142ku do pi\u0105tku w godzinach 6:30\u201317:00.<\/li><li data-section-id=\"quaasb\" data-start=\"376\" data-end=\"494\">Plac\u00f3wka realizuje cele edukacyjne, wychowawcze i opieku\u0144cze zgodnie z obowi\u0105zuj\u0105cymi przepisami prawa o\u015bwiatowego.<\/li><\/ol><h2 data-section-id=\"129uw2n\" data-start=\"501\" data-end=\"536\">\u00a0<\/h2><h3 data-section-id=\"129uw2n\" data-start=\"501\" data-end=\"536\">\u00a72 Organizacja pracy przedszkola<\/h3><ol data-start=\"537\" data-end=\"1018\"><li data-section-id=\"gxya28\" data-start=\"537\" data-end=\"633\">Przedszkole zapewnia dzieciom opiek\u0119, bezpiecze\u0144stwo oraz warunki do wszechstronnego rozwoju.<\/li><li data-section-id=\"1jpo5fa\" data-start=\"635\" data-end=\"719\">Dzieci przebywaj\u0105 pod opiek\u0105 wykwalifikowanej kadry pedagogicznej i specjalist\u00f3w.<\/li><li data-section-id=\"12kz40p\" data-start=\"721\" data-end=\"831\">Organizacja dnia obejmuje zaj\u0119cia dydaktyczne, zabawy swobodne, aktywno\u015b\u0107 ruchow\u0105, odpoczynek oraz posi\u0142ki.<\/li><li data-section-id=\"4m3nma\" data-start=\"833\" data-end=\"911\">Rodzice zobowi\u0105zani s\u0105 do punktualnego przyprowadzania i odbierania dzieci.<\/li><li data-section-id=\"3rw07d\" data-start=\"913\" data-end=\"1018\">Dziecko mo\u017ce zosta\u0107 odebrane wy\u0142\u0105cznie przez rodzica\/opiekuna prawnego lub osob\u0119 pisemnie upowa\u017cnion\u0105.<\/li><\/ol><h2 data-section-id=\"augn1r\" data-start=\"1025\" data-end=\"1052\">\u00a0<\/h2><h3 data-section-id=\"augn1r\" data-start=\"1025\" data-end=\"1052\">\u00a73 Bezpiecze\u0144stwo dzieci<\/h3><ol data-start=\"1053\" data-end=\"1460\"><li data-section-id=\"1s42d4l\" data-start=\"1053\" data-end=\"1124\">Rodzice zobowi\u0105zani s\u0105 do przyprowadzania wy\u0142\u0105cznie zdrowych dzieci.<\/li><li data-section-id=\"u17fil\" data-start=\"1126\" data-end=\"1229\">W przypadku wyst\u0105pienia objaw\u00f3w chorobowych personel mo\u017ce poprosi\u0107 o wcze\u015bniejsze odebranie dziecka.<\/li><li data-section-id=\"gy9ckz\" data-start=\"1231\" data-end=\"1341\">Przedszkole nie podaje dzieciom lek\u00f3w, z wyj\u0105tkiem sytuacji okre\u015blonych odr\u0119bnymi przepisami i procedurami.<\/li><li data-section-id=\"m040n7\" data-start=\"1343\" data-end=\"1460\">Plac\u00f3wka podejmuje wszelkie dzia\u0142ania maj\u0105ce na celu zapewnienie bezpiecze\u0144stwa fizycznego i emocjonalnego dzieci.<\/li><\/ol><h2 data-section-id=\"102ujt2\" data-start=\"1467\" data-end=\"1499\">\u00a0<\/h2><h3 data-section-id=\"102ujt2\" data-start=\"1467\" data-end=\"1499\">\u00a74 Prawa i obowi\u0105zki rodzic\u00f3w<\/h3><ol data-start=\"1500\" data-end=\"1525\"><li data-section-id=\"173hp4v\" data-start=\"1500\" data-end=\"1525\">Rodzice maj\u0105 prawo do:<\/li><\/ol><ul data-start=\"1526\" data-end=\"1698\"><li data-section-id=\"78sde8\" data-start=\"1526\" data-end=\"1588\">uzyskiwania informacji o post\u0119pach i funkcjonowaniu dziecka,<\/li><li data-section-id=\"1o7hfmf\" data-start=\"1589\" data-end=\"1632\">kontaktu z nauczycielami i specjalistami,<\/li><li data-section-id=\"1wlxqts\" data-start=\"1633\" data-end=\"1698\">uczestniczenia w wydarzeniach organizowanych przez przedszkole.<\/li><\/ul><ol start=\"2\" data-start=\"1700\" data-end=\"1729\"><li data-section-id=\"1v1l50t\" data-start=\"1700\" data-end=\"1729\">Rodzice zobowi\u0105zani s\u0105 do:<\/li><\/ol><ul data-start=\"1730\" data-end=\"1920\"><li data-section-id=\"18twu1o\" data-start=\"1730\" data-end=\"1767\">przestrzegania regulaminu plac\u00f3wki,<\/li><li data-section-id=\"gr89gb\" data-start=\"1768\" data-end=\"1799\">terminowego uiszczania op\u0142at,<\/li><li data-section-id=\"1m21a8i\" data-start=\"1800\" data-end=\"1885\">informowania przedszkola o wa\u017cnych kwestiach dotycz\u0105cych zdrowia i rozwoju dziecka,<\/li><li data-section-id=\"14aa319\" data-start=\"1886\" data-end=\"1920\">wsp\u00f3\u0142pracy z kadr\u0105 pedagogiczn\u0105.<\/li><\/ul><h2 data-section-id=\"1lnigkm\" data-start=\"1927\" data-end=\"1939\">\u00a0<\/h2><h3 data-section-id=\"1lnigkm\" data-start=\"1927\" data-end=\"1939\">\u00a75 Op\u0142aty<\/h3><ol data-start=\"1940\" data-end=\"2189\"><li data-section-id=\"1r5rjht\" data-start=\"1940\" data-end=\"2037\">Wysoko\u015b\u0107 czesnego oraz op\u0142at dodatkowych ustalana jest zgodnie z aktualnym cennikiem plac\u00f3wki.<\/li><li data-section-id=\"hg2evp\" data-start=\"2039\" data-end=\"2107\">Op\u0142aty nale\u017cy regulowa\u0107 w terminach wskazanych przez przedszkole.<\/li><li data-section-id=\"6n4gmd\" data-start=\"2109\" data-end=\"2189\">Szczeg\u00f3\u0142owe warunki p\u0142atno\u015bci okre\u015bla umowa zawierana z rodzicami\/opiekunami.<\/li><\/ol><h2 data-section-id=\"qqcx4f\" data-start=\"2196\" data-end=\"2223\">\u00a0<\/h2><h3 data-section-id=\"qqcx4f\" data-start=\"2196\" data-end=\"2223\">\u00a76 Postanowienia ko\u0144cowe<\/h3><ol data-start=\"2224\" data-end=\"2480\"><li data-section-id=\"1ph6ybw\" data-start=\"2224\" data-end=\"2307\">Regulamin obowi\u0105zuje wszystkich rodzic\u00f3w\/opiekun\u00f3w oraz pracownik\u00f3w przedszkola.<\/li><li data-section-id=\"x7le0y\" data-start=\"2309\" data-end=\"2382\">Przedszkole zastrzega sobie prawo do wprowadzania zmian w regulaminie.<\/li><li data-section-id=\"ltuxbx\" data-start=\"2384\" data-end=\"2480\">Aktualna wersja regulaminu dost\u0119pna jest w plac\u00f3wce oraz na stronie internetowej przedszkola.<\/li><\/ol>\t\t\t\t\t\t\t\t<\/div>\n\t\t\t\t\t<\/div>\n\t\t\t\t<\/div>\n\t\t<div class=\"elementor-element elementor-element-a6ed5fc e-flex e-con-boxed e-con e-parent\" data-id=\"a6ed5fc\" data-element_type=\"container\" data-e-type=\"container\">\n\t\t\t\t\t<div class=\"e-con-inner\">\n\t\t\t\t<div class=\"elementor-element elementor-element-48768d5 elementor-widget elementor-widget-heading\" data-id=\"48768d5\" data-element_type=\"widget\" data-e-type=\"widget\" data-widget_type=\"heading.default\">\n\t\t\t\t\t<h2 class=\"elementor-heading-title elementor-size-default\">Polityka Prywatno\u015bci<\/h2>\t\t\t\t<\/div>\n\t\t\t\t\t<\/div>\n\t\t\t\t<\/div>\n\t\t<div class=\"elementor-element elementor-element-a4b64f8 e-flex e-con-boxed e-con e-parent\" data-id=\"a4b64f8\" data-element_type=\"container\" data-e-type=\"container\">\n\t\t\t\t\t<div class=\"e-con-inner\">\n\t\t\t\t<div class=\"elementor-element elementor-element-c1e1b01 elementor-widget elementor-widget-text-editor\" data-id=\"c1e1b01\" data-element_type=\"widget\" data-e-type=\"widget\" data-widget_type=\"text-editor.default\">\n\t\t\t\t\t\t\t\t\t<h3 data-section-id=\"15qg2wq\" data-start=\"2511\" data-end=\"2534\">1. Informacje og\u00f3lne<\/h3><p data-start=\"2535\" data-end=\"2683\">Administratorem danych osobowych jest Niepubliczne Przedszkole \u201eBajkowa Kraina\u201d z siedzib\u0105 pod adresem:<br data-start=\"2638\" data-end=\"2641\" \/>\u0141ososina Dolna 314, 33-314 \u0141ososina Dolna.<\/p><p data-start=\"2685\" data-end=\"2693\">Kontakt:<\/p><ul data-start=\"2694\" data-end=\"2743\"><li data-section-id=\"txbf3c\" data-start=\"2694\" data-end=\"2712\">tel. 510 918 205<\/li><li data-section-id=\"1ufw6gv\" data-start=\"2713\" data-end=\"2743\">e-mail: <a class=\"decorated-link cursor-pointer\" rel=\"noopener\" data-start=\"2723\" data-end=\"2743\">bajkowa314@gmail.com<\/a><\/li><\/ul><h2 data-section-id=\"1vysuny\" data-start=\"2750\" data-end=\"2784\">\u00a0<\/h2><h3 data-section-id=\"1vysuny\" data-start=\"2750\" data-end=\"2784\">2. Zakres przetwarzanych danych<\/h3><p data-start=\"2785\" data-end=\"2827\">Przedszkole mo\u017ce przetwarza\u0107 dane osobowe:<\/p><ul data-start=\"2828\" data-end=\"2974\"><li data-section-id=\"1itgivj\" data-start=\"2828\" data-end=\"2860\">rodzic\u00f3w i opiekun\u00f3w prawnych,<\/li><li data-section-id=\"1njvdf9\" data-start=\"2861\" data-end=\"2898\">dzieci ucz\u0119szczaj\u0105cych do plac\u00f3wki,<\/li><li data-section-id=\"1y0x4ph\" data-start=\"2899\" data-end=\"2974\">os\u00f3b kontaktuj\u0105cych si\u0119 poprzez formularz kontaktowy, telefon lub e-mail.<\/li><\/ul><p data-start=\"2976\" data-end=\"3009\">Przetwarzane dane mog\u0105 obejmowa\u0107:<\/p><ul data-start=\"3010\" data-end=\"3152\"><li data-section-id=\"57bebp\" data-start=\"3010\" data-end=\"3028\">imi\u0119 i nazwisko,<\/li><li data-section-id=\"174r3nz\" data-start=\"3029\" data-end=\"3046\">numer telefonu,<\/li><li data-section-id=\"g95w\" data-start=\"3047\" data-end=\"3062\">adres e-mail,<\/li><li data-section-id=\"q2xe6y\" data-start=\"3063\" data-end=\"3084\">adres zamieszkania,<\/li><li data-section-id=\"5d9w2u\" data-start=\"3085\" data-end=\"3152\">dane dotycz\u0105ce dziecka niezb\u0119dne do realizacji opieki i edukacji.<\/li><\/ul><h3 data-section-id=\"1ik8cm3\" data-start=\"3159\" data-end=\"3189\">\u00a0<\/h3><h3 data-section-id=\"1ik8cm3\" data-start=\"3159\" data-end=\"3189\">3. Cel przetwarzania danych<\/h3><p data-start=\"3190\" data-end=\"3226\">Dane osobowe przetwarzane s\u0105 w celu:<\/p><ul data-start=\"3227\" data-end=\"3428\"><li data-section-id=\"m1kvjj\" data-start=\"3227\" data-end=\"3259\">realizacji procesu rekrutacji,<\/li><li data-section-id=\"jk7rdq\" data-start=\"3260\" data-end=\"3300\">organizacji opieki i edukacji dziecka,<\/li><li data-section-id=\"wnib2\" data-start=\"3301\" data-end=\"3335\">kontaktu z rodzicami\/opiekunami,<\/li><li data-section-id=\"qrix6p\" data-start=\"3336\" data-end=\"3391\">realizacji obowi\u0105zk\u00f3w wynikaj\u0105cych z przepis\u00f3w prawa,<\/li><li data-section-id=\"m5dybv\" data-start=\"3392\" data-end=\"3428\">zapewnienia bezpiecze\u0144stwa dzieci.<\/li><\/ul><h2 data-section-id=\"1vg9fgf\" data-start=\"3435\" data-end=\"3470\">\u00a0<\/h2><h3 data-section-id=\"1vg9fgf\" data-start=\"3435\" data-end=\"3470\">4. Podstawa prawna przetwarzania<\/h3><p data-start=\"3471\" data-end=\"3510\">Dane osobowe przetwarzane s\u0105 zgodnie z:<\/p><ul data-start=\"3511\" data-end=\"3672\"><li data-section-id=\"153mocx\" data-start=\"3511\" data-end=\"3582\">Rozporz\u0105dzeniem Parlamentu Europejskiego i Rady (UE) 2016\/679 (RODO),<\/li><li data-section-id=\"1vfzy2k\" data-start=\"3583\" data-end=\"3608\">ustaw\u0105 Prawo o\u015bwiatowe,<\/li><li data-section-id=\"1m1c4wb\" data-start=\"3609\" data-end=\"3672\">zgod\u0105 rodzica\/opiekuna \u2013 w przypadkach wymaganych przepisami.<\/li><\/ul><h2 data-section-id=\"lkpdar\" data-start=\"3679\" data-end=\"3705\">\u00a0<\/h2><h3 data-section-id=\"lkpdar\" data-start=\"3679\" data-end=\"3705\">5. Udost\u0119pnianie danych<\/h3><p data-start=\"3706\" data-end=\"3780\">Dane osobowe nie s\u0105 sprzedawane ani udost\u0119pniane podmiotom nieuprawnionym.<\/p><p data-start=\"3782\" data-end=\"3924\">Dane mog\u0105 by\u0107 przekazywane wy\u0142\u0105cznie podmiotom wsp\u00f3\u0142pracuj\u0105cym z przedszkolem w zakresie niezb\u0119dnym do realizacji us\u0142ug i obowi\u0105zk\u00f3w prawnych.<\/p><h2 data-section-id=\"1hrafpt\" data-start=\"3931\" data-end=\"3969\">\u00a0<\/h2><h3 data-section-id=\"1hrafpt\" data-start=\"3931\" data-end=\"3969\">6. Prawa os\u00f3b, kt\u00f3rych dane dotycz\u0105<\/h3><p data-start=\"3970\" data-end=\"3994\">Ka\u017cda osoba ma prawo do:<\/p><ul data-start=\"3995\" data-end=\"4195\"><li data-section-id=\"141sg5r\" data-start=\"3995\" data-end=\"4022\">dost\u0119pu do swoich danych,<\/li><li data-section-id=\"1u10skb\" data-start=\"4023\" data-end=\"4045\">sprostowania danych,<\/li><li data-section-id=\"xkgqs2\" data-start=\"4046\" data-end=\"4075\">ograniczenia przetwarzania,<\/li><li data-section-id=\"196nfw\" data-start=\"4076\" data-end=\"4131\">usuni\u0119cia danych w przypadkach przewidzianych prawem,<\/li><li data-section-id=\"jxkx7b\" data-start=\"4132\" data-end=\"4195\">wniesienia skargi do Prezesa Urz\u0119du Ochrony Danych Osobowych.<\/li><\/ul><h2 data-section-id=\"2x2vr0\" data-start=\"4202\" data-end=\"4221\">\u00a0<\/h2><h3 data-section-id=\"2x2vr0\" data-start=\"4202\" data-end=\"4221\">7. Pliki cookies<\/h3><p data-start=\"4222\" data-end=\"4367\">Strona internetowa przedszkola mo\u017ce wykorzystywa\u0107 pliki cookies w celu prawid\u0142owego dzia\u0142ania serwisu oraz poprawy jako\u015bci korzystania ze strony.<\/p><p data-start=\"4369\" data-end=\"4451\">U\u017cytkownik mo\u017ce zarz\u0105dza\u0107 ustawieniami cookies w swojej przegl\u0105darce internetowej.<\/p><h2 data-section-id=\"3g21fv\" data-start=\"4458\" data-end=\"4499\">\u00a0<\/h2><h3 data-section-id=\"3g21fv\" data-start=\"4458\" data-end=\"4499\">8. Kontakt w sprawach danych osobowych<\/h3><p data-start=\"4500\" data-end=\"4589\">W sprawach zwi\u0105zanych z ochron\u0105 danych osobowych mo\u017cna kontaktowa\u0107 si\u0119 z administratorem:<\/p><ul data-start=\"4590\" data-end=\"4643\"><li data-section-id=\"1ufw6gv\" data-start=\"4590\" data-end=\"4620\">e-mail: <a class=\"decorated-link cursor-pointer\" rel=\"noopener\" data-start=\"4600\" data-end=\"4620\">bajkowa314@gmail.com<\/a><\/li><li data-section-id=\"1o0v1z2\" data-start=\"4621\" data-end=\"4643\">telefon: 510 918 205<\/li><\/ul><h2 data-section-id=\"1s0uwkp\" data-start=\"4650\" data-end=\"4677\">\u00a0<\/h2><h3 data-section-id=\"1s0uwkp\" data-start=\"4650\" data-end=\"4677\">9. Postanowienia ko\u0144cowe<\/h3><p data-start=\"4678\" data-end=\"4765\">Polityka prywatno\u015bci obowi\u0105zuje od dnia publikacji na stronie internetowej przedszkola.<\/p><p data-start=\"4767\" data-end=\"4903\" data-is-last-node=\"\" data-is-only-node=\"\">Administrator zastrzega sobie prawo do aktualizacji niniejszej polityki zgodnie ze zmianami przepis\u00f3w prawa lub funkcjonowania plac\u00f3wki.<\/p>\t\t\t\t\t\t\t\t<\/div>\n\t\t\t\t\t<\/div>\n\t\t\t\t<\/div>\n\t\t\t\t<\/div>\n\t\t","protected":false},"excerpt":{"rendered":"<p>Regulamin Regulamin Niepublicznego Przedszkola \u201eBajkowa Kraina\u201d \u00a71 Postanowienia og\u00f3lne Niepubliczne Przedszkole \u201eBajkowa Kraina\u201d mie\u015bci si\u0119 pod adresem:\u0141ososina Dolna 314, 33-314 \u0141ososina Dolna. Kontakt z plac\u00f3wk\u0105 mo\u017cliwy jest poprzez: telefon: 510 918 205 e-mail: bajkowa314@gmail.com Przedszkole czynne jest od poniedzia\u0142ku do pi\u0105tku w godzinach 6:30\u201317:00. Plac\u00f3wka realizuje cele edukacyjne, wychowawcze i opieku\u0144cze zgodnie z obowi\u0105zuj\u0105cymi przepisami [&hellip;]<\/p>\n","protected":false},"author":1,"featured_media":0,"parent":0,"menu_order":0,"comment_status":"closed","ping_status":"open","template":"","meta":{"footnotes":""},"class_list":["post-3","page","type-page","status-publish","hentry"],"_links":{"self":[{"href":"https:\/\/przedszkolebajkowakraina.pl\/index.php?rest_route=\/wp\/v2\/pages\/3","targetHints":{"allow":["GET"]}}],"collection":[{"href":"https:\/\/przedszkolebajkowakraina.pl\/index.php?rest_route=\/wp\/v2\/pages"}],"about":[{"href":"https:\/\/przedszkolebajkowakraina.pl\/index.php?rest_route=\/wp\/v2\/types\/page"}],"author":[{"embeddable":true,"href":"https:\/\/przedszkolebajkowakraina.pl\/index.php?rest_route=\/wp\/v2\/users\/1"}],"replies":[{"embeddable":true,"href":"https:\/\/przedszkolebajkowakraina.pl\/index.php?rest_route=%2Fwp%2Fv2%2Fcomments&post=3"}],"version-history":[{"count":13,"href":"https:\/\/przedszkolebajkowakraina.pl\/index.php?rest_route=\/wp\/v2\/pages\/3\/revisions"}],"predecessor-version":[{"id":914,"href":"https:\/\/przedszkolebajkowakraina.pl\/index.php?rest_route=\/wp\/v2\/pages\/3\/revisions\/914"}],"wp:attachment":[{"href":"https:\/\/przedszkolebajkowakraina.pl\/index.php?rest_route=%2Fwp%2Fv2%2Fmedia&parent=3"}],"curies":[{"name":"wp","href":"https:\/\/api.w.org\/{rel}","templated":true}]}}