{"id":19,"date":"2026-05-22T11:15:37","date_gmt":"2026-05-22T11:15:37","guid":{"rendered":"https:\/\/przedszkolebajkowakraina.pl\/?page_id=19"},"modified":"2026-06-17T09:42:56","modified_gmt":"2026-06-17T07:42:56","slug":"o-nas","status":"publish","type":"page","link":"https:\/\/przedszkolebajkowakraina.pl\/?page_id=19","title":{"rendered":"O nas"},"content":{"rendered":"\t\t<div data-elementor-type=\"wp-page\" data-elementor-id=\"19\" class=\"elementor elementor-19\" data-elementor-post-type=\"page\">\n\t\t\t\t\t\t<section class=\"elementor-section elementor-top-section elementor-element elementor-element-78ad0487 elementor-section-content-middle elementor-reverse-tablet elementor-reverse-mobile elementor-section-boxed elementor-section-height-default elementor-section-height-default\" data-id=\"78ad0487\" data-element_type=\"section\" data-e-type=\"section\">\n\t\t\t\t\t\t<div class=\"elementor-container elementor-column-gap-wider\">\n\t\t\t\t\t<div class=\"elementor-column elementor-col-50 elementor-top-column elementor-element elementor-element-41d05c03\" data-id=\"41d05c03\" data-element_type=\"column\" data-e-type=\"column\">\n\t\t\t<div class=\"elementor-widget-wrap elementor-element-populated\">\n\t\t\t\t\t\t<div class=\"elementor-element elementor-element-326d748 elementor-invisible elementor-widget elementor-widget-heading\" data-id=\"326d748\" data-element_type=\"widget\" data-e-type=\"widget\" data-settings=\"{&quot;_animation&quot;:&quot;fadeInLeft&quot;}\" data-widget_type=\"heading.default\">\n\t\t\t\t\t<h1 class=\"elementor-heading-title elementor-size-default\">O nas...<\/h1>\t\t\t\t<\/div>\n\t\t\t\t<div class=\"elementor-element elementor-element-9685a9e elementor-invisible elementor-widget elementor-widget-heading\" data-id=\"9685a9e\" data-element_type=\"widget\" data-e-type=\"widget\" data-settings=\"{&quot;_animation&quot;:&quot;fadeInLeft&quot;}\" data-widget_type=\"heading.default\">\n\t\t\t\t\t<h2 class=\"elementor-heading-title elementor-size-default\">Nasza misja<br>i warto\u015bci<\/h2>\t\t\t\t<\/div>\n\t\t\t\t<div class=\"elementor-element elementor-element-2b6de326 elementor-widget-mobile__width-inherit elementor-invisible elementor-widget elementor-widget-text-editor\" data-id=\"2b6de326\" data-element_type=\"widget\" data-e-type=\"widget\" data-settings=\"{&quot;_animation&quot;:&quot;fadeInLeft&quot;}\" data-widget_type=\"text-editor.default\">\n\t\t\t\t\t\t\t\t\t<p>Misj\u0105 naszego przedszkola jest stworzenie bezpiecznej przestrzeni, kt\u00f3ra naturalnie \u0142\u0105czy wszechstronny rozw\u00f3j edukacyjny dziecka ze specjalistycznym wsparciem terapeutycznym. Pragniemy, aby ka\u017cde dziecko odkrywa\u0142o \u015bwiat wszystkimi zmys\u0142ami w atmosferze akceptacji i bezpiecze\u0144stwa. Nasz\u0105 priorytetem jest wspieranie indywidualnego potencja\u0142u dzieci poprzez \u0142\u0105czenie nowoczesnej edukacji przedszkolnej z profesjonaln\u0105 terapi\u0105, co pozwala nam dba\u0107 o pe\u0142ny i harmonijny rozw\u00f3j ka\u017cdego dziecka.<\/p>\t\t\t\t\t\t\t\t<\/div>\n\t\t\t\t\t<\/div>\n\t\t<\/div>\n\t\t\t\t<div class=\"elementor-column elementor-col-50 elementor-top-column elementor-element elementor-element-60a953dd\" data-id=\"60a953dd\" data-element_type=\"column\" data-e-type=\"column\" data-settings=\"{&quot;background_background&quot;:&quot;gradient&quot;}\">\n\t\t\t<div class=\"elementor-widget-wrap elementor-element-populated\">\n\t\t\t\t\t\t<div class=\"elementor-element elementor-element-1aba414 elementor-invisible elementor-widget elementor-widget-image\" data-id=\"1aba414\" data-element_type=\"widget\" data-e-type=\"widget\" data-settings=\"{&quot;motion_fx_motion_fx_scrolling&quot;:&quot;yes&quot;,&quot;motion_fx_scale_effect&quot;:&quot;yes&quot;,&quot;motion_fx_scale_speed&quot;:{&quot;unit&quot;:&quot;px&quot;,&quot;size&quot;:1,&quot;sizes&quot;:[]},&quot;motion_fx_devices&quot;:[&quot;desktop&quot;],&quot;_animation&quot;:&quot;rotateInDownRight&quot;,&quot;motion_fx_scale_direction&quot;:&quot;out-in&quot;,&quot;motion_fx_scale_range&quot;:{&quot;unit&quot;:&quot;%&quot;,&quot;size&quot;:&quot;&quot;,&quot;sizes&quot;:{&quot;start&quot;:20,&quot;end&quot;:80}}}\" data-widget_type=\"image.default\">\n\t\t\t\t\t\t\t\t\t\t\t\t\t\t\t<img fetchpriority=\"high\" decoding=\"async\" width=\"768\" height=\"512\" src=\"https:\/\/przedszkolebajkowakraina.pl\/wp-content\/uploads\/2026\/05\/26892-768x512.jpg\" class=\"attachment-medium_large size-medium_large wp-image-335\" alt=\"\" srcset=\"https:\/\/przedszkolebajkowakraina.pl\/wp-content\/uploads\/2026\/05\/26892-768x512.jpg 768w, https:\/\/przedszkolebajkowakraina.pl\/wp-content\/uploads\/2026\/05\/26892-300x200.jpg 300w, https:\/\/przedszkolebajkowakraina.pl\/wp-content\/uploads\/2026\/05\/26892-1024x682.jpg 1024w, https:\/\/przedszkolebajkowakraina.pl\/wp-content\/uploads\/2026\/05\/26892-1536x1024.jpg 1536w, https:\/\/przedszkolebajkowakraina.pl\/wp-content\/uploads\/2026\/05\/26892.jpg 2000w\" sizes=\"(max-width: 768px) 100vw, 768px\" \/>\t\t\t\t\t\t\t\t\t\t\t\t\t\t\t<\/div>\n\t\t\t\t\t<\/div>\n\t\t<\/div>\n\t\t\t\t\t<\/div>\n\t\t<\/section>\n\t\t\t\t<section class=\"elementor-section elementor-top-section elementor-element elementor-element-157349d2 elementor-section-boxed elementor-section-height-default elementor-section-height-default\" data-id=\"157349d2\" data-element_type=\"section\" data-e-type=\"section\">\n\t\t\t\t\t\t<div class=\"elementor-container elementor-column-gap-default\">\n\t\t\t\t\t<div class=\"elementor-column elementor-col-100 elementor-top-column elementor-element elementor-element-7bfe8801\" data-id=\"7bfe8801\" data-element_type=\"column\" data-e-type=\"column\" data-settings=\"{&quot;background_background&quot;:&quot;classic&quot;}\">\n\t\t\t<div class=\"elementor-widget-wrap elementor-element-populated\">\n\t\t\t\t\t<div class=\"elementor-background-overlay\"><\/div>\n\t\t\t\t\t\t<div class=\"elementor-element elementor-element-4e1ccc32 elementor-invisible elementor-widget elementor-widget-heading\" data-id=\"4e1ccc32\" data-element_type=\"widget\" data-e-type=\"widget\" data-settings=\"{&quot;_animation&quot;:&quot;fadeInDown&quot;}\" data-widget_type=\"heading.default\">\n\t\t\t\t\t<h2 class=\"elementor-heading-title elementor-size-default\">Czym wyr\u00f3\u017cnia si\u0119 nasze przedszkole?<\/h2>\t\t\t\t<\/div>\n\t\t\t\t<div class=\"elementor-element elementor-element-3e525603 elementor-invisible elementor-widget elementor-widget-text-editor\" data-id=\"3e525603\" data-element_type=\"widget\" data-e-type=\"widget\" data-settings=\"{&quot;_animation&quot;:&quot;fadeInUp&quot;}\" data-widget_type=\"text-editor.default\">\n\t\t\t\t\t\t\t\t\t<p>Nasze przedszkole wyr\u00f3\u017cnia si\u0119 nowoczesn\u0105 pedagogik\u0105, kt\u00f3ra idzie w parze ze specjalistyczn\u0105 opiek\u0105 terapeutyczn\u0105. Nad bezpiecze\u0144stwem i rozwojem dzieci czuwa wysoko wykwalifikowany personel oraz certyfikowani terapeuci. Bogat\u0105 ofert\u0119 edukacyjn\u0105 uzupe\u0142nia du\u017ca ilo\u015b\u0107 zaj\u0119\u0107 dodatkowych oraz ciekawych warsztat\u00f3w, kt\u00f3re rozwijaj\u0105 pasje i talenty ka\u017cdego dziecka<\/p>\t\t\t\t\t\t\t\t<\/div>\n\t\t\t\t<div class=\"elementor-element elementor-element-b5afe3e elementor-widget elementor-widget-heading\" data-id=\"b5afe3e\" data-element_type=\"widget\" data-e-type=\"widget\" data-widget_type=\"heading.default\">\n\t\t\t\t\t<h2 class=\"elementor-heading-title elementor-size-default\">Historia plac\u00f3wki<\/h2>\t\t\t\t<\/div>\n\t\t\t\t<div class=\"elementor-element elementor-element-ff7f45b elementor-invisible elementor-widget elementor-widget-text-editor\" data-id=\"ff7f45b\" data-element_type=\"widget\" data-e-type=\"widget\" data-settings=\"{&quot;_animation&quot;:&quot;fadeInUp&quot;}\" data-widget_type=\"text-editor.default\">\n\t\t\t\t\t\t\t\t\t<p>Nasza plac\u00f3wka funkcjonuje od 2014 roku. Przez te wszystkie lata stworzyli\u015bmy przestrze\u0144 pe\u0142n\u0105 ciep\u0142a, rado\u015bci i rodzinnej atmosfery, kt\u00f3ra zaowocowa\u0142a mn\u00f3stwem wspania\u0142ych wspomnie\u0144. Najwi\u0119ksz\u0105 dum\u0105 i nagrod\u0105 za nasz\u0105 prac\u0119 s\u0105 nasi wyj\u0105tkowi absolwenci, kt\u00f3rzy z powodzeniem radz\u0105 sobie na kolejnych etapach edukacji. Dzi\u015b, bogatsi o lata do\u015bwiadcze\u0144, z tym samym zaanga\u017cowaniem i pasj\u0105 witamy kolejne pokolenia przedszkolak\u00f3w.<\/p>\t\t\t\t\t\t\t\t<\/div>\n\t\t\t\t<div class=\"elementor-element elementor-element-3eef532a elementor-align-center elementor-mobile-align-justify elementor-invisible elementor-widget elementor-widget-button\" data-id=\"3eef532a\" data-element_type=\"widget\" data-e-type=\"widget\" data-settings=\"{&quot;_animation&quot;:&quot;fadeInUp&quot;}\" data-widget_type=\"button.default\">\n\t\t\t\t\t\t\t\t\t\t<a class=\"elementor-button elementor-button-link elementor-size-sm elementor-animation-grow-rotate\" href=\"#\">\n\t\t\t\t\t\t<span class=\"elementor-button-content-wrapper\">\n\t\t\t\t\t\t\t\t\t<span class=\"elementor-button-text\">Kontakt z nami<\/span>\n\t\t\t\t\t<\/span>\n\t\t\t\t\t<\/a>\n\t\t\t\t\t\t\t\t<\/div>\n\t\t\t\t<div class=\"elementor-element elementor-element-7c394334 elementor-widget__width-auto elementor-absolute elementor-hidden-mobile elementor-hidden-tablet elementor-invisible elementor-widget elementor-widget-image\" data-id=\"7c394334\" data-element_type=\"widget\" data-e-type=\"widget\" data-settings=\"{&quot;motion_fx_motion_fx_mouse&quot;:&quot;yes&quot;,&quot;motion_fx_mouseTrack_effect&quot;:&quot;yes&quot;,&quot;motion_fx_mouseTrack_speed&quot;:{&quot;unit&quot;:&quot;px&quot;,&quot;size&quot;:0.59999999999999998,&quot;sizes&quot;:[]},&quot;_animation&quot;:&quot;slideInLeft&quot;,&quot;_position&quot;:&quot;absolute&quot;}\" data-widget_type=\"image.default\">\n\t\t\t\t\t\t\t\t\t\t\t\t\t\t\t<img decoding=\"async\" width=\"300\" height=\"300\" src=\"https:\/\/przedszkolebajkowakraina.pl\/wp-content\/uploads\/2026\/05\/Logo-Bajkowa-Kraina-500x500-1-300x300.png\" class=\"attachment-medium size-medium wp-image-204\" alt=\"\" srcset=\"https:\/\/przedszkolebajkowakraina.pl\/wp-content\/uploads\/2026\/05\/Logo-Bajkowa-Kraina-500x500-1-300x300.png 300w, https:\/\/przedszkolebajkowakraina.pl\/wp-content\/uploads\/2026\/05\/Logo-Bajkowa-Kraina-500x500-1-150x150.png 150w, https:\/\/przedszkolebajkowakraina.pl\/wp-content\/uploads\/2026\/05\/Logo-Bajkowa-Kraina-500x500-1.png 500w\" sizes=\"(max-width: 300px) 100vw, 300px\" \/>\t\t\t\t\t\t\t\t\t\t\t\t\t\t\t<\/div>\n\t\t\t\t\t<\/div>\n\t\t<\/div>\n\t\t\t\t\t<\/div>\n\t\t<\/section>\n\t\t\t\t<section class=\"elementor-section elementor-top-section elementor-element elementor-element-2cacfde3 elementor-section-content-middle elementor-section-boxed elementor-section-height-default elementor-section-height-default\" data-id=\"2cacfde3\" data-element_type=\"section\" data-e-type=\"section\">\n\t\t\t\t\t\t<div class=\"elementor-container elementor-column-gap-extended\">\n\t\t\t\t\t<div class=\"elementor-column elementor-col-33 elementor-top-column elementor-element elementor-element-1c466efe\" data-id=\"1c466efe\" data-element_type=\"column\" data-e-type=\"column\">\n\t\t\t<div class=\"elementor-widget-wrap elementor-element-populated\">\n\t\t\t\t\t\t<div class=\"elementor-element elementor-element-37ed270f elementor-invisible elementor-widget elementor-widget-image\" data-id=\"37ed270f\" data-element_type=\"widget\" data-e-type=\"widget\" data-settings=\"{&quot;motion_fx_motion_fx_scrolling&quot;:&quot;yes&quot;,&quot;motion_fx_translateY_effect&quot;:&quot;yes&quot;,&quot;motion_fx_translateY_speed&quot;:{&quot;unit&quot;:&quot;px&quot;,&quot;size&quot;:1.3,&quot;sizes&quot;:[]},&quot;motion_fx_devices&quot;:[&quot;desktop&quot;],&quot;_animation&quot;:&quot;swing&quot;,&quot;motion_fx_translateY_affectedRange&quot;:{&quot;unit&quot;:&quot;%&quot;,&quot;size&quot;:&quot;&quot;,&quot;sizes&quot;:{&quot;start&quot;:0,&quot;end&quot;:100}}}\" data-widget_type=\"image.default\">\n\t\t\t\t\t\t\t\t\t\t\t\t\t\t\t<img decoding=\"async\" width=\"768\" height=\"512\" src=\"https:\/\/przedszkolebajkowakraina.pl\/wp-content\/uploads\/2026\/05\/24396-768x512.jpg\" class=\"elementor-animation-grow-rotate attachment-medium_large size-medium_large wp-image-345\" alt=\"\" srcset=\"https:\/\/przedszkolebajkowakraina.pl\/wp-content\/uploads\/2026\/05\/24396-768x512.jpg 768w, https:\/\/przedszkolebajkowakraina.pl\/wp-content\/uploads\/2026\/05\/24396-300x200.jpg 300w, https:\/\/przedszkolebajkowakraina.pl\/wp-content\/uploads\/2026\/05\/24396-1024x682.jpg 1024w, https:\/\/przedszkolebajkowakraina.pl\/wp-content\/uploads\/2026\/05\/24396-1536x1024.jpg 1536w, https:\/\/przedszkolebajkowakraina.pl\/wp-content\/uploads\/2026\/05\/24396.jpg 2000w\" sizes=\"(max-width: 768px) 100vw, 768px\" \/>\t\t\t\t\t\t\t\t\t\t\t\t\t\t\t<\/div>\n\t\t\t\t<div class=\"elementor-element elementor-element-1a8423c elementor-widget__width-auto elementor-absolute elementor-hidden-phone elementor-invisible elementor-widget elementor-widget-image\" data-id=\"1a8423c\" data-element_type=\"widget\" data-e-type=\"widget\" data-settings=\"{&quot;motion_fx_motion_fx_mouse&quot;:&quot;yes&quot;,&quot;motion_fx_mouseTrack_effect&quot;:&quot;yes&quot;,&quot;motion_fx_mouseTrack_direction&quot;:&quot;negative&quot;,&quot;motion_fx_mouseTrack_speed&quot;:{&quot;unit&quot;:&quot;px&quot;,&quot;size&quot;:0.20000000000000001,&quot;sizes&quot;:[]},&quot;motion_fx_tilt_effect&quot;:&quot;yes&quot;,&quot;motion_fx_tilt_direction&quot;:&quot;negative&quot;,&quot;_animation&quot;:&quot;rollIn&quot;,&quot;_position&quot;:&quot;absolute&quot;,&quot;motion_fx_tilt_speed&quot;:{&quot;unit&quot;:&quot;px&quot;,&quot;size&quot;:4,&quot;sizes&quot;:[]}}\" data-widget_type=\"image.default\">\n\t\t\t\t\t\t\t\t\t\t\t\t\t\t\t<img loading=\"lazy\" decoding=\"async\" width=\"135\" height=\"135\" src=\"https:\/\/przedszkolebajkowakraina.pl\/wp-content\/uploads\/2026\/05\/Motylki-ikona.png\" class=\"attachment-medium size-medium wp-image-227\" alt=\"\" \/>\t\t\t\t\t\t\t\t\t\t\t\t\t\t\t<\/div>\n\t\t\t\t\t<\/div>\n\t\t<\/div>\n\t\t\t\t<div class=\"elementor-column elementor-col-33 elementor-top-column elementor-element elementor-element-25754381\" data-id=\"25754381\" data-element_type=\"column\" data-e-type=\"column\">\n\t\t\t<div class=\"elementor-widget-wrap elementor-element-populated\">\n\t\t\t\t\t\t<div class=\"elementor-element elementor-element-fb93b22 elementor-invisible elementor-widget elementor-widget-image\" data-id=\"fb93b22\" data-element_type=\"widget\" data-e-type=\"widget\" data-settings=\"{&quot;motion_fx_motion_fx_scrolling&quot;:&quot;yes&quot;,&quot;motion_fx_translateY_effect&quot;:&quot;yes&quot;,&quot;motion_fx_translateY_speed&quot;:{&quot;unit&quot;:&quot;px&quot;,&quot;size&quot;:0.90000000000000002,&quot;sizes&quot;:[]},&quot;motion_fx_devices&quot;:[&quot;desktop&quot;],&quot;_animation&quot;:&quot;swing&quot;,&quot;motion_fx_translateY_affectedRange&quot;:{&quot;unit&quot;:&quot;%&quot;,&quot;size&quot;:&quot;&quot;,&quot;sizes&quot;:{&quot;start&quot;:0,&quot;end&quot;:100}}}\" data-widget_type=\"image.default\">\n\t\t\t\t\t\t\t\t\t\t\t\t\t\t\t<img loading=\"lazy\" decoding=\"async\" width=\"768\" height=\"1152\" src=\"https:\/\/przedszkolebajkowakraina.pl\/wp-content\/uploads\/2026\/05\/42718-768x1152.jpg\" class=\"elementor-animation-grow-rotate attachment-medium_large size-medium_large wp-image-344\" alt=\"\" srcset=\"https:\/\/przedszkolebajkowakraina.pl\/wp-content\/uploads\/2026\/05\/42718-768x1152.jpg 768w, https:\/\/przedszkolebajkowakraina.pl\/wp-content\/uploads\/2026\/05\/42718-200x300.jpg 200w, https:\/\/przedszkolebajkowakraina.pl\/wp-content\/uploads\/2026\/05\/42718-682x1024.jpg 682w, https:\/\/przedszkolebajkowakraina.pl\/wp-content\/uploads\/2026\/05\/42718-1024x1536.jpg 1024w, https:\/\/przedszkolebajkowakraina.pl\/wp-content\/uploads\/2026\/05\/42718.jpg 1333w\" sizes=\"(max-width: 768px) 100vw, 768px\" \/>\t\t\t\t\t\t\t\t\t\t\t\t\t\t\t<\/div>\n\t\t\t\t<div class=\"elementor-element elementor-element-4e699efe elementor-invisible elementor-widget elementor-widget-image\" data-id=\"4e699efe\" data-element_type=\"widget\" data-e-type=\"widget\" data-settings=\"{&quot;motion_fx_motion_fx_scrolling&quot;:&quot;yes&quot;,&quot;motion_fx_translateY_effect&quot;:&quot;yes&quot;,&quot;motion_fx_translateY_speed&quot;:{&quot;unit&quot;:&quot;px&quot;,&quot;size&quot;:0.20000000000000001,&quot;sizes&quot;:[]},&quot;motion_fx_devices&quot;:[&quot;desktop&quot;],&quot;_animation&quot;:&quot;swing&quot;,&quot;motion_fx_translateY_affectedRange&quot;:{&quot;unit&quot;:&quot;%&quot;,&quot;size&quot;:&quot;&quot;,&quot;sizes&quot;:{&quot;start&quot;:0,&quot;end&quot;:100}}}\" data-widget_type=\"image.default\">\n\t\t\t\t\t\t\t\t\t\t\t\t\t\t\t<img loading=\"lazy\" decoding=\"async\" width=\"768\" height=\"512\" src=\"https:\/\/przedszkolebajkowakraina.pl\/wp-content\/uploads\/2026\/05\/10379-768x512.jpg\" class=\"elementor-animation-grow-rotate attachment-medium_large size-medium_large wp-image-346\" alt=\"\" srcset=\"https:\/\/przedszkolebajkowakraina.pl\/wp-content\/uploads\/2026\/05\/10379-768x512.jpg 768w, https:\/\/przedszkolebajkowakraina.pl\/wp-content\/uploads\/2026\/05\/10379-300x200.jpg 300w, https:\/\/przedszkolebajkowakraina.pl\/wp-content\/uploads\/2026\/05\/10379-1024x682.jpg 1024w, https:\/\/przedszkolebajkowakraina.pl\/wp-content\/uploads\/2026\/05\/10379-1536x1024.jpg 1536w, https:\/\/przedszkolebajkowakraina.pl\/wp-content\/uploads\/2026\/05\/10379.jpg 2000w\" sizes=\"(max-width: 768px) 100vw, 768px\" \/>\t\t\t\t\t\t\t\t\t\t\t\t\t\t\t<\/div>\n\t\t\t\t\t<\/div>\n\t\t<\/div>\n\t\t\t\t<div class=\"elementor-column elementor-col-33 elementor-top-column elementor-element elementor-element-73287e66\" data-id=\"73287e66\" data-element_type=\"column\" data-e-type=\"column\">\n\t\t\t<div class=\"elementor-widget-wrap elementor-element-populated\">\n\t\t\t\t\t\t<div class=\"elementor-element elementor-element-344c6159 elementor-invisible elementor-widget elementor-widget-image\" data-id=\"344c6159\" data-element_type=\"widget\" data-e-type=\"widget\" data-settings=\"{&quot;motion_fx_motion_fx_scrolling&quot;:&quot;yes&quot;,&quot;motion_fx_translateY_effect&quot;:&quot;yes&quot;,&quot;motion_fx_translateY_speed&quot;:{&quot;unit&quot;:&quot;px&quot;,&quot;size&quot;:0.59999999999999998,&quot;sizes&quot;:[]},&quot;motion_fx_devices&quot;:[&quot;desktop&quot;],&quot;_animation&quot;:&quot;swing&quot;,&quot;motion_fx_translateY_affectedRange&quot;:{&quot;unit&quot;:&quot;%&quot;,&quot;size&quot;:&quot;&quot;,&quot;sizes&quot;:{&quot;start&quot;:0,&quot;end&quot;:100}}}\" data-widget_type=\"image.default\">\n\t\t\t\t\t\t\t\t\t\t\t\t\t\t\t<img loading=\"lazy\" decoding=\"async\" width=\"768\" height=\"1080\" src=\"https:\/\/przedszkolebajkowakraina.pl\/wp-content\/uploads\/2026\/05\/32461-768x1080.jpg\" class=\"elementor-animation-grow-rotate attachment-medium_large size-medium_large wp-image-343\" alt=\"\" srcset=\"https:\/\/przedszkolebajkowakraina.pl\/wp-content\/uploads\/2026\/05\/32461-768x1080.jpg 768w, https:\/\/przedszkolebajkowakraina.pl\/wp-content\/uploads\/2026\/05\/32461-213x300.jpg 213w, https:\/\/przedszkolebajkowakraina.pl\/wp-content\/uploads\/2026\/05\/32461-728x1024.jpg 728w, https:\/\/przedszkolebajkowakraina.pl\/wp-content\/uploads\/2026\/05\/32461-1092x1536.jpg 1092w, https:\/\/przedszkolebajkowakraina.pl\/wp-content\/uploads\/2026\/05\/32461.jpg 1422w\" sizes=\"(max-width: 768px) 100vw, 768px\" \/>\t\t\t\t\t\t\t\t\t\t\t\t\t\t\t<\/div>\n\t\t\t\t<div class=\"elementor-element elementor-element-2e26e2de elementor-widget__width-auto elementor-absolute elementor-hidden-phone elementor-invisible elementor-widget elementor-widget-image\" data-id=\"2e26e2de\" data-element_type=\"widget\" data-e-type=\"widget\" data-settings=\"{&quot;motion_fx_motion_fx_mouse&quot;:&quot;yes&quot;,&quot;motion_fx_mouseTrack_effect&quot;:&quot;yes&quot;,&quot;motion_fx_mouseTrack_speed&quot;:{&quot;unit&quot;:&quot;px&quot;,&quot;size&quot;:0.90000000000000002,&quot;sizes&quot;:[]},&quot;motion_fx_tilt_effect&quot;:&quot;yes&quot;,&quot;motion_fx_tilt_direction&quot;:&quot;negative&quot;,&quot;_animation&quot;:&quot;swing&quot;,&quot;_position&quot;:&quot;absolute&quot;,&quot;motion_fx_tilt_speed&quot;:{&quot;unit&quot;:&quot;px&quot;,&quot;size&quot;:2.7000000000000002,&quot;sizes&quot;:[]}}\" data-widget_type=\"image.default\">\n\t\t\t\t\t\t\t\t\t\t\t\t\t\t\t<img loading=\"lazy\" decoding=\"async\" width=\"135\" height=\"135\" src=\"https:\/\/przedszkolebajkowakraina.pl\/wp-content\/uploads\/2026\/05\/Smerfiki-ikona.png\" class=\"attachment-medium size-medium wp-image-231\" alt=\"\" \/>\t\t\t\t\t\t\t\t\t\t\t\t\t\t\t<\/div>\n\t\t\t\t\t<\/div>\n\t\t<\/div>\n\t\t\t\t\t<\/div>\n\t\t<\/section>\n\t\t\t\t<\/div>\n\t\t","protected":false},"excerpt":{"rendered":"<p>O nas&#8230; Nasza misjai warto\u015bci Misj\u0105 naszego przedszkola jest stworzenie bezpiecznej przestrzeni, kt\u00f3ra naturalnie \u0142\u0105czy wszechstronny rozw\u00f3j edukacyjny dziecka ze specjalistycznym wsparciem terapeutycznym. Pragniemy, aby ka\u017cde dziecko odkrywa\u0142o \u015bwiat wszystkimi zmys\u0142ami w atmosferze akceptacji i bezpiecze\u0144stwa. Nasz\u0105 priorytetem jest wspieranie indywidualnego potencja\u0142u dzieci poprzez \u0142\u0105czenie nowoczesnej edukacji przedszkolnej z profesjonaln\u0105 terapi\u0105, co pozwala nam dba\u0107 [&hellip;]<\/p>\n","protected":false},"author":2,"featured_media":0,"parent":0,"menu_order":0,"comment_status":"closed","ping_status":"closed","template":"","meta":{"footnotes":""},"class_list":["post-19","page","type-page","status-publish","hentry"],"_links":{"self":[{"href":"https:\/\/przedszkolebajkowakraina.pl\/index.php?rest_route=\/wp\/v2\/pages\/19","targetHints":{"allow":["GET"]}}],"collection":[{"href":"https:\/\/przedszkolebajkowakraina.pl\/index.php?rest_route=\/wp\/v2\/pages"}],"about":[{"href":"https:\/\/przedszkolebajkowakraina.pl\/index.php?rest_route=\/wp\/v2\/types\/page"}],"author":[{"embeddable":true,"href":"https:\/\/przedszkolebajkowakraina.pl\/index.php?rest_route=\/wp\/v2\/users\/2"}],"replies":[{"embeddable":true,"href":"https:\/\/przedszkolebajkowakraina.pl\/index.php?rest_route=%2Fwp%2Fv2%2Fcomments&post=19"}],"version-history":[{"count":22,"href":"https:\/\/przedszkolebajkowakraina.pl\/index.php?rest_route=\/wp\/v2\/pages\/19\/revisions"}],"predecessor-version":[{"id":896,"href":"https:\/\/przedszkolebajkowakraina.pl\/index.php?rest_route=\/wp\/v2\/pages\/19\/revisions\/896"}],"wp:attachment":[{"href":"https:\/\/przedszkolebajkowakraina.pl\/index.php?rest_route=%2Fwp%2Fv2%2Fmedia&parent=19"}],"curies":[{"name":"wp","href":"https:\/\/api.w.org\/{rel}","templated":true}]}}